{"id":1782,"date":"2024-02-21T11:21:10","date_gmt":"2024-02-21T11:21:10","guid":{"rendered":"https:\/\/diocese-aveiro.pt\/v3\/?page_id=1782"},"modified":"2024-02-21T11:23:27","modified_gmt":"2024-02-21T11:23:27","slug":"diaconos-permanentes","status":"publish","type":"page","link":"https:\/\/diocese-aveiro.pt\/v3\/clero\/diaconos-permanentes\/","title":{"rendered":"DI\u00c1CONOS PERMANENTES"},"content":{"rendered":"\n<figure class=\"wp-block-table\"><table><tbody><tr><td><a href=\"https:\/\/www.anuariocatolicoportugal.net\/dioceses\/ficha_diacono.asp?diaconoid=900&amp;dioceseid=3\">Afonso Diniz Dias<\/a><\/td><\/tr><tr><td><a href=\"https:\/\/www.anuariocatolicoportugal.net\/dioceses\/ficha_diacono.asp?diaconoid=160&amp;dioceseid=3\">Afonso Henrique Campos de Oliveira<\/a><\/td><\/tr><tr><td><a href=\"https:\/\/www.anuariocatolicoportugal.net\/dioceses\/ficha_diacono.asp?diaconoid=155&amp;dioceseid=3\">Amaral da Silva Mota<\/a><\/td><\/tr><tr><td><a href=\"https:\/\/www.anuariocatolicoportugal.net\/dioceses\/ficha_diacono.asp?diaconoid=153&amp;dioceseid=3\">Ant\u00f3nio Carlos Vila\u00e7a Delgado<\/a><\/td><\/tr><tr><td><a href=\"https:\/\/www.anuariocatolicoportugal.net\/dioceses\/ficha_diacono.asp?diaconoid=1141&amp;dioceseid=3\">Ant\u00f3nio Manuel dos Santos Guarino de Almeida Sim\u00f5es<\/a><\/td><\/tr><tr><td><a href=\"https:\/\/www.anuariocatolicoportugal.net\/dioceses\/ficha_diacono.asp?diaconoid=764&amp;dioceseid=3\">Ant\u00f3nio Manuel Machado Antunes<\/a><\/td><\/tr><tr><td><a href=\"https:\/\/www.anuariocatolicoportugal.net\/dioceses\/ficha_diacono.asp?diaconoid=161&amp;dioceseid=3\">Armindo Manuel Sim\u00f5es Parracho<\/a><\/td><\/tr><tr><td><a href=\"https:\/\/www.anuariocatolicoportugal.net\/dioceses\/ficha_diacono.asp?diaconoid=901&amp;dioceseid=3\">Artur Manuel Jesus Bem Haja<\/a><\/td><\/tr><tr><td><a href=\"https:\/\/www.anuariocatolicoportugal.net\/dioceses\/ficha_diacono.asp?diaconoid=765&amp;dioceseid=3\">Carlos Alberto Louren\u00e7o Nunes<\/a><\/td><\/tr><tr><td><a href=\"https:\/\/www.anuariocatolicoportugal.net\/dioceses\/ficha_diacono.asp?diaconoid=766&amp;dioceseid=3\">Dario da Rocha Martins<\/a><\/td><\/tr><tr><td><a href=\"https:\/\/www.anuariocatolicoportugal.net\/dioceses\/ficha_diacono.asp?diaconoid=159&amp;dioceseid=3\">Diamantino Neves Murteiro<\/a><\/td><\/tr><tr><td><a href=\"https:\/\/www.anuariocatolicoportugal.net\/dioceses\/ficha_diacono.asp?diaconoid=172&amp;dioceseid=3\">\u00c9lio Ant\u00f3nio Fernandes Quaresma Sim\u00f5es<\/a><\/td><\/tr><tr><td><a href=\"https:\/\/www.anuariocatolicoportugal.net\/dioceses\/ficha_diacono.asp?diaconoid=168&amp;dioceseid=3\">Fernando Sousa Alves da Silva<\/a><\/td><\/tr><tr><td><a href=\"https:\/\/www.anuariocatolicoportugal.net\/dioceses\/ficha_diacono.asp?diaconoid=152&amp;dioceseid=3\">Francisco Cravo<\/a><\/td><\/tr><tr><td><a href=\"https:\/\/www.anuariocatolicoportugal.net\/dioceses\/ficha_diacono.asp?diaconoid=767&amp;dioceseid=3\">Francisco Jos\u00e9 Conde Santos<\/a><\/td><\/tr><tr><td><a href=\"https:\/\/www.anuariocatolicoportugal.net\/dioceses\/ficha_diacono.asp?diaconoid=1142&amp;dioceseid=3\">Jo\u00e3o Carlos Alberto de Pinho<\/a><\/td><\/tr><tr><td><a href=\"https:\/\/www.anuariocatolicoportugal.net\/dioceses\/ficha_diacono.asp?diaconoid=902&amp;dioceseid=3\">Jo\u00e3o Carlos Marques da Silva<\/a><\/td><\/tr><tr><td><a href=\"https:\/\/www.anuariocatolicoportugal.net\/dioceses\/ficha_diacono.asp?diaconoid=768&amp;dioceseid=3\">Jo\u00e3o Dinis Juli\u00e3o<\/a><\/td><\/tr><tr><td><a href=\"https:\/\/www.anuariocatolicoportugal.net\/dioceses\/ficha_diacono.asp?diaconoid=1144&amp;dioceseid=3\">Jorge Joaquim Matos Ribeiro<\/a><\/td><\/tr><tr><td><a href=\"https:\/\/www.anuariocatolicoportugal.net\/dioceses\/ficha_diacono.asp?diaconoid=1147&amp;dioceseid=3\">Jorge Miguel Sim\u00f5es Frade<\/a><\/td><\/tr><tr><td><a href=\"https:\/\/www.anuariocatolicoportugal.net\/dioceses\/ficha_diacono.asp?diaconoid=906&amp;dioceseid=3\">Jorge Pereira de Abrantes<\/a><\/td><\/tr><tr><td><a href=\"https:\/\/www.anuariocatolicoportugal.net\/dioceses\/ficha_diacono.asp?diaconoid=907&amp;dioceseid=3\">Jos\u00e9 Augusto Pereira da Silva<\/a><\/td><\/tr><tr><td><a href=\"https:\/\/www.anuariocatolicoportugal.net\/dioceses\/ficha_diacono.asp?diaconoid=138&amp;dioceseid=3\">Jos\u00e9 Cardoso de Abreu<\/a><\/td><\/tr><tr><td><a href=\"https:\/\/www.anuariocatolicoportugal.net\/dioceses\/ficha_diacono.asp?diaconoid=151&amp;dioceseid=3\">Jos\u00e9 Carlos Alves Costa<\/a><\/td><\/tr><tr><td><a href=\"https:\/\/www.anuariocatolicoportugal.net\/dioceses\/ficha_diacono.asp?diaconoid=141&amp;dioceseid=3\">Jos\u00e9 Ferreira Alves<\/a><\/td><\/tr><tr><td><a href=\"https:\/\/www.anuariocatolicoportugal.net\/dioceses\/ficha_diacono.asp?diaconoid=173&amp;dioceseid=3\">Jos\u00e9 Joaquim Pedroso Sim\u00f5es<\/a><\/td><\/tr><tr><td><a href=\"https:\/\/www.anuariocatolicoportugal.net\/dioceses\/ficha_diacono.asp?diaconoid=908&amp;dioceseid=3\">Jos\u00e9 Manuel Marques Figueiredo<\/a><\/td><\/tr><tr><td><a href=\"https:\/\/www.anuariocatolicoportugal.net\/dioceses\/ficha_diacono.asp?diaconoid=769&amp;dioceseid=3\">Jos\u00e9 Maria Tavares do Carmo<\/a><\/td><\/tr><tr><td><a href=\"https:\/\/www.anuariocatolicoportugal.net\/dioceses\/ficha_diacono.asp?diaconoid=1146&amp;dioceseid=3\">Jos\u00e9 Marinho Vaz<\/a><\/td><\/tr><tr><td><a href=\"https:\/\/www.anuariocatolicoportugal.net\/dioceses\/ficha_diacono.asp?diaconoid=162&amp;dioceseid=3\">Lu\u00eds Gon\u00e7alves Nunes Pelicano<\/a><\/td><\/tr><tr><td><a href=\"https:\/\/www.anuariocatolicoportugal.net\/dioceses\/ficha_diacono.asp?diaconoid=170&amp;dioceseid=3\">Manuel Ara\u00fajo da Silva<\/a><\/td><\/tr><tr><td><a href=\"https:\/\/www.anuariocatolicoportugal.net\/dioceses\/ficha_diacono.asp?diaconoid=171&amp;dioceseid=3\">Manuel Augusto Dias da Silva<\/a><\/td><\/tr><tr><td><a href=\"https:\/\/www.anuariocatolicoportugal.net\/dioceses\/ficha_diacono.asp?diaconoid=909&amp;dioceseid=3\">Manuel Benjamim Oliveira Sim\u00f5es<\/a><\/td><\/tr><tr><td><a href=\"https:\/\/www.anuariocatolicoportugal.net\/dioceses\/ficha_diacono.asp?diaconoid=1145&amp;dioceseid=3\">Manuel Carlos Ferreira Nunes<\/a><\/td><\/tr><tr><td><a href=\"https:\/\/www.anuariocatolicoportugal.net\/dioceses\/ficha_diacono.asp?diaconoid=144&amp;dioceseid=3\">Manuel Carvalhais<\/a><\/td><\/tr><tr><td><a href=\"https:\/\/www.anuariocatolicoportugal.net\/dioceses\/ficha_diacono.asp?diaconoid=154&amp;dioceseid=3\">Manuel Fernando da Rocha Martins<\/a><\/td><\/tr><tr><td><a href=\"https:\/\/www.anuariocatolicoportugal.net\/dioceses\/ficha_diacono.asp?diaconoid=142&amp;dioceseid=3\">Reinaldo Castanheira Neves Barnab\u00e9<\/a><\/td><\/tr><tr><td><a href=\"https:\/\/www.anuariocatolicoportugal.net\/dioceses\/ficha_diacono.asp?diaconoid=1143&amp;dioceseid=3\">Ricardo Ant\u00f3nio Conde\u00e7o Juli\u00e3o<\/a><\/td><\/tr><\/tbody><\/table><\/figure>\n","protected":false},"excerpt":{"rendered":"<p>Afonso Diniz Dias Afonso Henrique Campos de Oliveira Amaral da Silva Mota Ant\u00f3nio Carlos Vila\u00e7a Delgado Ant\u00f3nio Manuel dos Santos Guarino de Almeida Sim\u00f5es Ant\u00f3nio Manuel Machado Antunes Armindo Manuel Sim\u00f5es Parracho Artur Manuel Jesus Bem Haja Carlos Alberto Louren\u00e7o Nunes Dario da Rocha Martins Diamantino Neves Murteiro \u00c9lio Ant\u00f3nio Fernandes Quaresma Sim\u00f5es Fernando Sousa Alves da Silva Francisco Cravo [&hellip;]<\/p>\n","protected":false},"author":1,"featured_media":0,"parent":1784,"menu_order":0,"comment_status":"closed","ping_status":"closed","template":"","meta":{"pagelayer_contact_templates":[],"_pagelayer_content":"","_mc_calendar":[],"footnotes":""},"class_list":["post-1782","page","type-page","status-publish","hentry"],"_links":{"self":[{"href":"https:\/\/diocese-aveiro.pt\/v3\/wp-json\/wp\/v2\/pages\/1782","targetHints":{"allow":["GET"]}}],"collection":[{"href":"https:\/\/diocese-aveiro.pt\/v3\/wp-json\/wp\/v2\/pages"}],"about":[{"href":"https:\/\/diocese-aveiro.pt\/v3\/wp-json\/wp\/v2\/types\/page"}],"author":[{"embeddable":true,"href":"https:\/\/diocese-aveiro.pt\/v3\/wp-json\/wp\/v2\/users\/1"}],"replies":[{"embeddable":true,"href":"https:\/\/diocese-aveiro.pt\/v3\/wp-json\/wp\/v2\/comments?post=1782"}],"version-history":[{"count":1,"href":"https:\/\/diocese-aveiro.pt\/v3\/wp-json\/wp\/v2\/pages\/1782\/revisions"}],"predecessor-version":[{"id":1783,"href":"https:\/\/diocese-aveiro.pt\/v3\/wp-json\/wp\/v2\/pages\/1782\/revisions\/1783"}],"up":[{"embeddable":true,"href":"https:\/\/diocese-aveiro.pt\/v3\/wp-json\/wp\/v2\/pages\/1784"}],"wp:attachment":[{"href":"https:\/\/diocese-aveiro.pt\/v3\/wp-json\/wp\/v2\/media?parent=1782"}],"curies":[{"name":"wp","href":"https:\/\/api.w.org\/{rel}","templated":true}]}}