{"id":92,"date":"2021-11-12T11:59:47","date_gmt":"2021-11-12T11:59:47","guid":{"rendered":"https:\/\/diocese-aveiro.pt\/tribunal\/?page_id=92"},"modified":"2022-11-11T10:33:26","modified_gmt":"2022-11-11T10:33:26","slug":"documentos","status":"publish","type":"page","link":"https:\/\/diocese-aveiro.pt\/tribunal\/documentos\/","title":{"rendered":"Documentos"},"content":{"rendered":"\n\n\t<p>Documentos do <strong>Tribunal Diocesano<\/strong><\/p>\n<ol>\n<li><a href=\"https:\/\/diocese-aveiro.pt\/tribunal\/wp-content\/uploads\/2022\/03\/Redaccao-de-um-Libelo_teda.docx\">Redac\u00e7\u00e3o de um Libelo<\/a> (docx)<\/li>\n<li><a href=\"https:\/\/diocese-aveiro.pt\/tribunal\/wp-content\/uploads\/2022\/03\/Redaccao-de-um-Libelo_teda.pdf\">Redac\u00e7\u00e3o de um Libelo<\/a> (pdf)<\/li>\n<li><a href=\"https:\/\/diocese-aveiro.pt\/tribunal\/wp-content\/uploads\/2022\/03\/regulamento_tribunal_a4.pdf\">Regulamento do Tribunal Diocesano de Aveiro<\/a><\/li>\n<\/ol>\n<p><a href=\"https:\/\/www.vatican.va\/roman_curia\/congregations\/cfaith\/documents\/rc_con_cfaith_doc_20211011_norme-delittiriservati-cfaith_po.html\"><b>NORMAS SOBRE OS DELITOS RESERVADOS\u00a0<\/b><b>\u00c0 CONGREGA\u00c7\u00c3O PARA A DOUTRINA DA F\u00c9<\/b><\/a><\/p>\n<p><a href=\"https:\/\/www.vatican.va\/content\/francesco\/es\/apost_constitutions\/documents\/papa-francesco_costituzione-ap_20210523_pascite-gregem-dei.html\">CONSTITUI\u00c7\u00c3O APOST\u00d3LICA\u00a0<b><i>PASCITE GREGEM DEI\u00a0<\/i><\/b>COM A QUE SE PROCEDE \u00c0 REFORMA DO LIVRO VI DO C\u00d3DIGO DE DIREITO CAN\u00d3NICO.<\/a><\/p>\n<p><strong>Documentos da Penitenciaria Apost\u00f3lica<\/strong><\/p>\n<ol>\n<li><a href=\"https:\/\/www.vatican.va\/roman_curia\/tribunals\/apost_penit\/documents\/rc_trib_appen_pro_20190629_forointerno_sp.html#\"><b>Nota da Penitenciaria Apost\u00f3lica sobre a import\u00e2ncia do f\u00f3rum interno e a inviolabilidade do sigilo sacramental (29 de junho de 2019)<\/b><\/a><\/li>\n<li><b><a href=\"https:\/\/www.vatican.va\/roman_curia\/tribunals\/apost_penit\/documents\/rc_trib_appen_pro_20000129_indulgence_po.html\">O Dom da Indulg\u00eancia (29 de Janeiro de 2000)<\/a><\/b><\/li>\n<\/ol>\n<p>&nbsp;<\/p>\n<p>Documentos do\u00a0<b>Supremo Tribunal da Assinatura Apost\u00f3lica<\/b><\/p>\n<ol>\n<li><b><i><a href=\"https:\/\/www.vatican.va\/content\/francesco\/pt\/apost_constitutions\/documents\/20220319-costituzione-ap-praedicate-evangelium.html#SUPREMO_TRIBUNAL\">Praedicate Evangelium<\/a><\/i><\/b>\u00a0(arts. 194 &#8211; 199)<\/li>\n<\/ol>\n<p>Documentos do <strong>Tribunal da Rota Romana<\/strong><\/p>\n<ol>\n<li><b><a href=\"https:\/\/www.vatican.va\/holy_father\/benedict_xvi\/motu_proprio\/documents\/hf_ben-xvi_motu-proprio_20110830_quaerit-semper_po.html\">Carta Apost\u00f3lica sob forma de &#8220;Motu Proprio&#8221; <em>Quaerit semper <\/em>(30 de agosto de 2011)<\/a><\/b><\/li>\n<li><a href=\"https:\/\/diocese-aveiro.pt\/tribunal\/wp-content\/uploads\/2022\/11\/Subsidio-portoghese.pdf\">Subs\u00eddio para aplica\u00e7\u00e3o do Motu Proprio\u00a0<strong>Mitis Iudex Dominus Iesus<\/strong><\/a><\/li>\n<li><a href=\"http:\/\/www.rotaromana.va\/content\/dam\/rotaromana\/documenti\/Riforma\/SOLO%20ARTICOLI.pdf\">Artigos sobre a Reforma do Processo Can\u00f3nico Matrimonial\u00a0<\/a><\/li>\n<\/ol>\n\n","protected":false},"excerpt":{"rendered":"<div class=\"entry-summary\">\n<div class=\"entry-summary\">\nDocumentos do Tribunal Diocesano Redac\u00e7\u00e3o de um Libelo (docx) Redac\u00e7\u00e3o de um Libelo (pdf) Regulamento do Tribunal Diocesano de Aveiro NORMAS SOBRE OS DELITOS RESERVADOS\u00a0\u00c0 CONGREGA\u00c7\u00c3O PARA A DOUTRINA DA F\u00c9 CONSTITUI\u00c7\u00c3O APOST\u00d3LICA\u00a0PASCITE GREGEM DEI\u00a0COM A QUE SE PROCEDE \u00c0&hellip;\n<\/div>\n<div class=\"link-more\"><a href=\"https:\/\/diocese-aveiro.pt\/tribunal\/documentos\/\" class=\"more-link\">Continue reading<span class=\"screen-reader-text\"> &ldquo;Documentos&rdquo;<\/span>&hellip;<\/a><\/div>\n<\/div>\n<div class=\"link-more\"><a href=\"https:\/\/diocese-aveiro.pt\/tribunal\/documentos\/\" class=\"more-link\">Continue reading<span class=\"screen-reader-text\"> &ldquo;Documentos&rdquo;<\/span>&hellip;<\/a><\/div>\n","protected":false},"author":1,"featured_media":0,"parent":0,"menu_order":0,"comment_status":"closed","ping_status":"closed","template":"","meta":{"footnotes":""},"class_list":["post-92","page","type-page","status-publish","hentry","entry"],"acf":[],"_links":{"self":[{"href":"https:\/\/diocese-aveiro.pt\/tribunal\/wp-json\/wp\/v2\/pages\/92","targetHints":{"allow":["GET"]}}],"collection":[{"href":"https:\/\/diocese-aveiro.pt\/tribunal\/wp-json\/wp\/v2\/pages"}],"about":[{"href":"https:\/\/diocese-aveiro.pt\/tribunal\/wp-json\/wp\/v2\/types\/page"}],"author":[{"embeddable":true,"href":"https:\/\/diocese-aveiro.pt\/tribunal\/wp-json\/wp\/v2\/users\/1"}],"replies":[{"embeddable":true,"href":"https:\/\/diocese-aveiro.pt\/tribunal\/wp-json\/wp\/v2\/comments?post=92"}],"version-history":[{"count":10,"href":"https:\/\/diocese-aveiro.pt\/tribunal\/wp-json\/wp\/v2\/pages\/92\/revisions"}],"predecessor-version":[{"id":175,"href":"https:\/\/diocese-aveiro.pt\/tribunal\/wp-json\/wp\/v2\/pages\/92\/revisions\/175"}],"wp:attachment":[{"href":"https:\/\/diocese-aveiro.pt\/tribunal\/wp-json\/wp\/v2\/media?parent=92"}],"curies":[{"name":"wp","href":"https:\/\/api.w.org\/{rel}","templated":true}]}}