{"id":365,"date":"2018-01-31T15:36:29","date_gmt":"2018-01-31T15:36:29","guid":{"rendered":"https:\/\/diocese-aveiro.pt\/santajoana\/?page_id=365"},"modified":"2023-05-01T10:15:20","modified_gmt":"2023-05-01T10:15:20","slug":"cronologia","status":"publish","type":"page","link":"https:\/\/diocese-aveiro.pt\/santajoana\/vida\/cronologia\/","title":{"rendered":"Cronologia"},"content":{"rendered":"<p><strong>Por <em>Mons. Jo\u00e3o Gaspar <\/em>\u00a0<a href=\"https:\/\/diocese-aveiro.pt\/santajoana\/2015\/01\/20\/cronologia-da-vida-de-santa-joana\/\">&#8211; Cronologia de Santa Joana Princesa<\/a>;<\/strong><\/p>\n<p><strong>\u00a0<a href=\"https:\/\/diocese-aveiro.pt\/santajoana\/wp-content\/uploads\/2015\/01\/sta-joana-cronologia.doc\" class=\"customize-unpreviewable\">Sta Joana \u2013 Cronologia<\/a>\u00a0[Download]<\/strong><\/p>\n<table width=\"750\" height=\"8253\">\n<tbody>\n<tr>\n<td>1415<\/td>\n<td width=\"124\">21 de agosto<\/td>\n<td width=\"387\">Tomada de Ceuta pelos portugueses.<\/td>\n<\/tr>\n<tr>\n<td><\/td>\n<td width=\"124\"><\/td>\n<td width=\"387\">Pouco depois, o senhorio de Aveiro foi entregue ao infante D. Pedro, filho de D. Jo\u00e3o I.<\/td>\n<\/tr>\n<tr>\n<td>1418<\/td>\n<td width=\"124\">\u2013<\/td>\n<td width=\"387\">In\u00edcio da constru\u00e7\u00e3o da muralha de Aveiro.<\/td>\n<\/tr>\n<tr>\n<td>1423<\/td>\n<td width=\"124\">19 de fevereiro<\/td>\n<td width=\"387\">Funda\u00e7\u00e3o do Convento de S. Domingos, em Aveiro (breve do papa Martinho V).<\/td>\n<\/tr>\n<tr>\n<td>1428<\/td>\n<td width=\"124\">22 de setembro<\/td>\n<td width=\"387\">Casamento de D. Duarte I com D. Leonor de Arag\u00e3o.<\/td>\n<\/tr>\n<tr>\n<td>1429<\/td>\n<td width=\"124\">13 de setembro<\/td>\n<td width=\"387\">Casamento do infante D. Pedro com D. Isabel de Urgel.<\/td>\n<\/tr>\n<tr>\n<td>1432<\/td>\n<td width=\"124\">15 de janeiro<\/td>\n<td width=\"387\">Nascimento de D. Afonso V.<\/td>\n<\/tr>\n<tr>\n<td>1433<\/td>\n<td width=\"124\">14 de agosto<\/td>\n<td width=\"387\">Morte de el-rei D. Jo\u00e3o I.<\/td>\n<\/tr>\n<tr>\n<td><\/td>\n<td width=\"124\">15 de agosto<\/td>\n<td width=\"387\">Aclama\u00e7\u00e3o de el-rei D. Duarte I.<\/td>\n<\/tr>\n<tr>\n<td>1438<\/td>\n<td width=\"124\">09 de setembro<\/td>\n<td width=\"387\">Morte de D. Duarte I.<\/td>\n<\/tr>\n<tr>\n<td>1440<\/td>\n<td width=\"124\">10 de janeiro<\/td>\n<td width=\"387\">As Cortes elegeram o infante D. Pedro como regente do reino.<\/td>\n<\/tr>\n<tr>\n<td>1441<\/td>\n<td width=\"124\">15 de agosto<\/td>\n<td width=\"387\">Casamento de el-rei D. Afonso V com D. Isabel, filha do infante D. Pedro, \u2018com palavras de futuro\u2019.<\/td>\n<\/tr>\n<tr>\n<td>1446<\/td>\n<td width=\"124\">15 de janeiro<\/td>\n<td width=\"387\">D. Afonso V atingiu a maioridade.<\/td>\n<\/tr>\n<tr>\n<td>1447<\/td>\n<td width=\"124\">06 de maio<\/td>\n<td width=\"387\">Casamento de D. Afonso V com D. Isabel, \u2018com palavras de presente\u2019.<\/td>\n<\/tr>\n<tr>\n<td>1448<\/td>\n<td width=\"124\">11 de julho<\/td>\n<td width=\"387\">Ap\u00f3s v\u00e1rias tentativas, D. Afonso V assumiu total e definitivamente o Governo, dispensando a colabora\u00e7\u00e3o do tio-regente, que se retirou para Coimbra.<\/td>\n<\/tr>\n<tr>\n<td>1449<\/td>\n<td width=\"124\">20 de maio<\/td>\n<td width=\"387\">Batalha de Alfarrobeira e morte do infante D. Pedro.<\/td>\n<\/tr>\n<tr>\n<td><\/td>\n<td width=\"124\"><\/td>\n<td width=\"387\">D. Sancho de Noronha \u2013 senhor de Aveiro.<\/td>\n<\/tr>\n<tr>\n<td>1451<\/td>\n<td width=\"124\">29 de janeiro<\/td>\n<td width=\"387\">Nascimento do pr\u00edncipe D. Jo\u00e3o, que pouco depois faleceu.<\/td>\n<\/tr>\n<tr>\n<td>1452<\/td>\n<td width=\"124\">06 de fevereiro<\/td>\n<td width=\"387\">Nascimento da princesa D. Joana, filha de D. Afonso V e de D. Isabel.<\/td>\n<\/tr>\n<tr>\n<td><\/td>\n<td width=\"124\">08 dias depois<\/td>\n<td width=\"387\">Batismo e juramento de D. Joana como leg\u00edtima herdeira do trono.<\/td>\n<\/tr>\n<tr>\n<td>1455<\/td>\n<td width=\"124\">03 de maio<\/td>\n<td width=\"387\">Nascimento de D. Jo\u00e3o II, filho de D. Afonso V e de D. Isabel.<\/td>\n<\/tr>\n<tr>\n<td><\/td>\n<td width=\"124\">02 de dezembro<\/td>\n<td width=\"387\">Morte da rainha D. Isabel.<\/td>\n<\/tr>\n<tr>\n<td>1458<\/td>\n<td width=\"124\">24 de novembro<\/td>\n<td width=\"387\">D. Brites Leitoa e duas filhas passaram a residir em Aveiro.<\/td>\n<\/tr>\n<tr>\n<td>1460<\/td>\n<td width=\"124\">\u2013<\/td>\n<td width=\"387\">Junto de D. Afonso V, tentativa de casamento da princesa D. Joana com um irm\u00e3o do rei de Castela.<\/td>\n<\/tr>\n<tr>\n<td>1461<\/td>\n<td width=\"124\">16 de maio<\/td>\n<td width=\"387\">Bula do papa Pio II para a funda\u00e7\u00e3o do Mosteiro de Jesus, em Aveiro.<\/td>\n<\/tr>\n<tr>\n<td>1462<\/td>\n<td width=\"124\">15 de janeiro<\/td>\n<td width=\"387\">D. Afonso V colocou a 1\u00aa pedra para a constru\u00e7\u00e3o da igreja do Mosteiro de Jesus.<\/td>\n<\/tr>\n<tr>\n<td>1465<\/td>\n<td width=\"124\">01 de janeiro<\/td>\n<td width=\"387\">In\u00edcio da clausura no Mosteiro de Jesus.<\/td>\n<\/tr>\n<tr>\n<td>1466<\/td>\n<td width=\"124\">12 de janeiro<\/td>\n<td width=\"387\">D. Afonso V em Aveiro, no Mosteiro de Jesus.<\/td>\n<\/tr>\n<tr>\n<td>1471<\/td>\n<td width=\"124\">22 de janeiro<\/td>\n<td width=\"387\">Casamento do pr\u00edncipe D. Jo\u00e3o com a sua prima D. Leonor, filha do infante D. Fernando, duque de Viseu.<\/td>\n<\/tr>\n<tr>\n<td><\/td>\n<td width=\"124\">24 de agosto<\/td>\n<td width=\"387\">Tomada de Arzila pelos portugueses.<\/td>\n<\/tr>\n<tr>\n<td><\/td>\n<td width=\"124\">29 de agosto<\/td>\n<td width=\"387\">Tomada de T\u00e2nger pelos portugueses.<\/td>\n<\/tr>\n<tr>\n<td><\/td>\n<td width=\"124\">07 de setembro<\/td>\n<td width=\"387\">A princesa D. Joana comunicou \u00e0 C\u00e2mara Municipal de Coimbra a tomada de Arzila e de T\u00e2nger.<\/td>\n<\/tr>\n<tr>\n<td><\/td>\n<td width=\"124\">Fins de setembro<\/td>\n<td width=\"387\">No regresso de el-rei D. Afonso V a Lisboa, a princesa D. Joana pediu-lhe autoriza\u00e7\u00e3o para entrar num convento.<\/td>\n<\/tr>\n<tr>\n<td><\/td>\n<td width=\"124\">Dezembro<\/td>\n<td width=\"387\">D. Joana recolheu-se no Mosteiro cisterciense de S. Dinis, em Odivelas.<\/td>\n<\/tr>\n<tr>\n<td><\/td>\n<td width=\"124\">22 de dezembro<\/td>\n<td width=\"387\">Protesto dos procuradores dos povos contra a entrada da princesa D. Joana no mosteiro.<\/td>\n<\/tr>\n<tr>\n<td>1472<\/td>\n<td width=\"124\">30 de julho<\/td>\n<td width=\"387\">Chegada da princesa D. Joana a Aveiro.<\/td>\n<\/tr>\n<tr>\n<td><\/td>\n<td width=\"124\">04 de agosto<\/td>\n<td width=\"387\">Entrada de D. Joana no Mosteiro de Jesus.<\/td>\n<\/tr>\n<tr>\n<td>1475<\/td>\n<td width=\"124\">25 de janeiro<\/td>\n<td width=\"387\">Tomada do h\u00e1bito de S. Domingos e in\u00edcio do noviciado que, alguns meses depois, teve de suspender.<\/td>\n<\/tr>\n<tr>\n<td><\/td>\n<td width=\"124\">18 de maio<\/td>\n<td width=\"387\">Nascimento do pr\u00edncipe D. Afonso, filho de D. Jo\u00e3o e de D. Leonor.<\/td>\n<\/tr>\n<tr>\n<td>1476<\/td>\n<td width=\"124\">\u2013<\/td>\n<td width=\"387\">Hipot\u00e9ticas tentativas de casamento da princesa D. Joana.<\/td>\n<\/tr>\n<tr>\n<td>1479<\/td>\n<td width=\"124\">27 de setembro<\/td>\n<td width=\"387\">A princesa foi obrigada a sair de Aveiro, por causa da peste.<\/td>\n<\/tr>\n<tr>\n<td>1480<\/td>\n<td width=\"124\">03 de agosto<\/td>\n<td width=\"387\">Morte da madre Brites Leitoa, prioresa do Mosteiro de Jesus.<\/td>\n<\/tr>\n<tr>\n<td><\/td>\n<td width=\"124\">Agosto<\/td>\n<td width=\"387\">A princesa D. Joana regressou a Aveiro.<\/td>\n<\/tr>\n<tr>\n<td>1481<\/td>\n<td width=\"124\">11 de agosto<\/td>\n<td width=\"387\">Nascimento de D. Jorge, filho bastardo de D. Jo\u00e3o II.<\/td>\n<\/tr>\n<tr>\n<td><\/td>\n<td width=\"124\">28 de agosto<\/td>\n<td width=\"387\">Morte de el-rei D. Afonso V.<\/td>\n<\/tr>\n<tr>\n<td><\/td>\n<td width=\"124\">31 de agosto<\/td>\n<td width=\"387\">Aclama\u00e7\u00e3o de el-rei D. Jo\u00e3o II.<\/td>\n<\/tr>\n<tr>\n<td><\/td>\n<td width=\"124\">Novembro<\/td>\n<td width=\"387\">O senhor D. Jorge, com tr\u00eas meses de idade, foi confiado aos cuidados da tia, a princesa D. Joana.<\/td>\n<\/tr>\n<tr>\n<td><\/td>\n<td width=\"124\">25 de novembro<\/td>\n<td width=\"387\">A princesa fez voto particular de castidade.<\/td>\n<\/tr>\n<tr>\n<td>1483<\/td>\n<td width=\"124\">20 de junho<\/td>\n<td width=\"387\">Morte do duque de Bragan\u00e7a, em \u00c9vora.<\/td>\n<\/tr>\n<tr>\n<td><\/td>\n<td width=\"124\">\u2013<\/td>\n<td width=\"387\">Aquando da condena\u00e7\u00e3o \u00e0 morte do duque de Bragan\u00e7a, o Senhorio de Aveiro foi sequestrado por D. Jo\u00e3o II a D. Afonso de Bragan\u00e7a, genro de D. Sancho de Noronha, o qual se exilara no estrangeiro.<\/td>\n<\/tr>\n<tr>\n<td><\/td>\n<td width=\"124\">28 de julho<\/td>\n<td width=\"387\">A princesa D. Joana aceitou o Senhorio de Britiande, V\u00e1rzea da Serra, Mezio e Campo Benfeito.<\/td>\n<\/tr>\n<tr>\n<td><\/td>\n<td width=\"124\">29 de outubro<\/td>\n<td width=\"387\">D. Jo\u00e3o II confirmou a conven\u00e7\u00e3o do Senhorio de 28 de julho de 1483.<\/td>\n<\/tr>\n<tr>\n<td>1484<\/td>\n<td width=\"124\">janeiro-fevereiro<\/td>\n<td width=\"387\">Foi proposto a D. Joana o casamento com o primo D. Diogo, duque de Viseu.<\/td>\n<\/tr>\n<tr>\n<td><\/td>\n<td width=\"124\">28 de agosto<\/td>\n<td width=\"387\">Morte do duque de Viseu, em Set\u00fabal.<\/td>\n<\/tr>\n<tr>\n<td><\/td>\n<td width=\"124\">23 de novembro<\/td>\n<td width=\"387\">Morte da madre Leonor de Meneses, confidente de Santa Joana.<\/td>\n<\/tr>\n<tr>\n<td>1485<\/td>\n<td width=\"124\">Na primavera<\/td>\n<td width=\"387\">A princesa saiu novamente de Aveiro, por causa da peste.<\/td>\n<\/tr>\n<tr>\n<td><\/td>\n<td width=\"124\">19 de agosto<\/td>\n<td width=\"387\">D. Jo\u00e3o II, em Alcoba\u00e7a, fez doa\u00e7\u00e3o do senhorio de Aveiro \u00e0 princesa D. Joana, sua irm\u00e3.<\/td>\n<\/tr>\n<tr>\n<td><\/td>\n<td width=\"124\">Fins de agosto<\/td>\n<td width=\"387\">Santa Joana, em Alcoba\u00e7a, recusou a proposta de casamento com Ricardo III, da Inglaterra, que morreu na batalha de Bosworth, em 22 de agosto.<\/td>\n<\/tr>\n<tr>\n<td>1489<\/td>\n<td width=\"124\">No ver\u00e3o (?)<\/td>\n<td width=\"387\">Pela \u00faltima vez, a princesa saiu de Aveiro, por causa da peste. Regresso ao Mosteiro de Jesus. Doen\u00e7a.<\/td>\n<\/tr>\n<tr>\n<td>1490<\/td>\n<td width=\"124\">19 de mar\u00e7o<\/td>\n<td width=\"387\">Santa Joana redigiu o testamento.<\/td>\n<\/tr>\n<tr>\n<td><\/td>\n<td width=\"124\">18 de abril<\/td>\n<td width=\"387\">Casamento do pr\u00edncipe D. Afonso com D. Isabel, filha dos \u201creis cat\u00f3licos\u201d, em Sevilha (domingo de Pascoela).<\/td>\n<\/tr>\n<tr>\n<td><\/td>\n<td width=\"124\">12 de maio<\/td>\n<td width=\"387\">Falecimento, funeral e sepultura da princesa Santa Joana.<\/td>\n<\/tr>\n<tr>\n<td><\/td>\n<td width=\"124\">13 de maio<\/td>\n<td width=\"387\">Ex\u00e9quias solenes no Mosteiro de Jesus.<\/td>\n<\/tr>\n<tr>\n<td><\/td>\n<td width=\"124\">\u2013<\/td>\n<td width=\"387\">O Senhorio de Aveiro foi restitu\u00eddo a D. Maria de Noronha, vi\u00fava de D. Afonso de Bragan\u00e7a, e a seu filho D. Sancho de Noronha.<\/td>\n<\/tr>\n<tr>\n<td>1491<\/td>\n<td width=\"124\">12 de junho<\/td>\n<td width=\"387\">Morte do pr\u00edncipe D. Afonso, filho de D. Jo\u00e3o II e herdeiro do trono.<\/td>\n<\/tr>\n<tr>\n<td>1494<\/td>\n<td width=\"124\">07 de junho<\/td>\n<td width=\"387\">Tratado de Tordesilhas.<\/td>\n<\/tr>\n<tr>\n<td>1495<\/td>\n<td width=\"124\">24 de setembro<\/td>\n<td width=\"387\">D. Jo\u00e3o II, no seu testamento, legou Aveiro com suas lez\u00edrias e ilhas de dentro da foz ao filho bastardo, senhor D. Jorge; mas ent\u00e3o este n\u00e3o tomou posse.<\/td>\n<\/tr>\n<tr>\n<td><\/td>\n<td width=\"124\">25 de outubro<\/td>\n<td width=\"387\">Morte de el-rei D. Jo\u00e3o II.<\/td>\n<\/tr>\n<tr>\n<td>1500<\/td>\n<td width=\"124\">\u2013<\/td>\n<td width=\"387\">El-rei D. Manuel I constitui a \u2018Casa de Aveiro\u2019 na pessoa do senhor D. Jorge.<\/td>\n<\/tr>\n<tr>\n<td>1523<\/td>\n<td width=\"124\">\u2013<\/td>\n<td width=\"387\">D. Jorge, ap\u00f3s a morte de D. Maria de Noronha e do filho, entrou na posse do Senhorio de Aveiro.<\/td>\n<\/tr>\n<tr>\n<td>1525<\/td>\n<td width=\"124\">17 de novembro<\/td>\n<td width=\"387\">Morte da rainha D. Leonor, cunhada de Santa Joana.<\/td>\n<\/tr>\n<tr>\n<td>1577<\/td>\n<td width=\"124\">30 de agosto<\/td>\n<td width=\"387\">El-rei D. Sebasti\u00e3o passou a carta de primeiro duque de Aveiro a D. Jo\u00e3o de Lencastre, filho do senhor D. Jorge; o t\u00edtulo fora-lhe dado, pela primeira vez, em 1547, por D. Jo\u00e3o III.<\/td>\n<\/tr>\n<tr>\n<td>1693<\/td>\n<td width=\"124\">04 de abril<\/td>\n<td width=\"387\">Beatifica\u00e7\u00e3o equipolente da princesa Santa Joana.<\/td>\n<\/tr>\n<tr>\n<td>1711<\/td>\n<td width=\"124\">23 de outubro<\/td>\n<td width=\"387\">Tumula\u00e7\u00e3o no mausol\u00e9u de m\u00e1rmores pol\u00edcromos.<\/td>\n<\/tr>\n<tr>\n<td>1746<\/td>\n<td width=\"124\">17 de dezembro<\/td>\n<td width=\"387\">In\u00edcio do processo de canoniza\u00e7\u00e3o, que ficaria suspenso em 1756.<\/td>\n<\/tr>\n<tr>\n<td>1759<\/td>\n<td width=\"124\">13 de janeiro<\/td>\n<td width=\"387\">Execu\u00e7\u00e3o de D. Jos\u00e9 de Mascarenhas, \u00faltimo duque de Aveiro, condenado \u00e0 morte na v\u00e9spera.<\/td>\n<\/tr>\n<tr>\n<td><\/td>\n<td width=\"124\">17 de janeiro<\/td>\n<td width=\"387\">Extin\u00e7\u00e3o da Casa e Ducado de Aveiro.<\/td>\n<\/tr>\n<tr>\n<td>1774<\/td>\n<td width=\"124\">12 de abril<\/td>\n<td width=\"387\">Institui\u00e7\u00e3o da Diocese de Aveiro pelo papa Clemente XIV.<\/td>\n<\/tr>\n<tr>\n<td>1808<\/td>\n<td width=\"124\">05 de agosto<\/td>\n<td width=\"387\">O segundo bispo de Aveiro, D. Ant\u00f3nio Jos\u00e9 Cordeiro, considerou oficialmente Santa Joana como protetora de Aveiro.<\/td>\n<\/tr>\n<tr>\n<td>1874<\/td>\n<td width=\"124\">02 de mar\u00e7o<\/td>\n<td width=\"387\">Falecimento da \u00faltima religiosa dominicana e extin\u00e7\u00e3o do Mosteiro de Jesus, em virtude das leis em vigor; o edif\u00edcio passou para a posse do Estado.<\/td>\n<\/tr>\n<tr>\n<td><\/td>\n<td width=\"124\">18 de maio<\/td>\n<td width=\"387\">Funda\u00e7\u00e3o do Col\u00e9gio de Santa Joana no edif\u00edcio do extinto Mosteiro de Jesus.<\/td>\n<\/tr>\n<tr>\n<td>1877<\/td>\n<td width=\"124\">26 de mar\u00e7o<\/td>\n<td width=\"387\">Institui\u00e7\u00e3o da Irmandade de Santa Joana Princesa, com a aprova\u00e7\u00e3o dos primeiros estatutos.<\/td>\n<\/tr>\n<tr>\n<td>1882<\/td>\n<td width=\"124\">04 de setembro<\/td>\n<td width=\"387\">Extin\u00e7\u00e3o da Diocese de Aveiro.<\/td>\n<\/tr>\n<tr>\n<td>1884<\/td>\n<td width=\"124\">10 de novembro<\/td>\n<td width=\"387\">Vinda das religiosas dominicanas de Santa Catarina de Sena para a orienta\u00e7\u00e3o do Col\u00e9gio de Santa Joana.<\/td>\n<\/tr>\n<tr>\n<td>1910<\/td>\n<td width=\"124\">18 de outubro<\/td>\n<td width=\"387\">Sa\u00edda das referidas religiosas dominicanas, ap\u00f3s a extin\u00e7\u00e3o do Col\u00e9gio em virtude das leis da primeira Rep\u00fablica; o edif\u00edcio foi destinado a albergar um museu.<\/td>\n<\/tr>\n<tr>\n<td>1938<\/p>\n<p>1939<\/p>\n<p>1950<\/p>\n<p>1959<\/p>\n<p>1959<\/td>\n<td width=\"124\">11 de dezembro<\/p>\n<p>04 de outubro<\/p>\n<p>02 de outubro<\/p>\n<p>25 de mar\u00e7o<\/p>\n<p>21 de junho<\/td>\n<td width=\"387\">Execu\u00e7\u00e3o da bula da restaura\u00e7\u00e3o da Diocese de Aveiro (24 de agosto \u2013 data da bula do papa Pio XI).In\u00edcio da atividade do Semin\u00e1rio Diocesano de Santa Joana, sendo bispo de Aveiro D. Jo\u00e3o Evangelista de Lima Vidal.<\/p>\n<p>A C\u00e2mara Municipal de Aveiro instituiu como feriado municipal o dia 12 de maio, data da morte e da festa lit\u00fargica de Santa Joana.<\/p>\n<p>O cardeal-patriarca de Lisboa, D. Manuel Gon\u00e7alves Cerejeira, instituiu a par\u00f3quia de Santa Joana Princesa, na cidade de Lisboa.<\/p>\n<p>O bispo de Aveiro, D. Domingos da Apresenta\u00e7\u00e3o Fernandes, instituiu a Associa\u00e7\u00e3o dos Pajens de Santa Joana Princesa.<\/td>\n<\/tr>\n<tr>\n<td>1965<\/p>\n<p>1969<\/p>\n<p>1972<\/p>\n<p>1988<\/p>\n<p>1989<\/p>\n<p>2002<\/td>\n<td width=\"124\">05 de janeiro<\/p>\n<p>11 de novembro<\/p>\n<p>30 de julho<\/p>\n<p>19 de dezembro<\/p>\n<p>10 de dezembro<\/p>\n<p>12 de maio<\/td>\n<td width=\"387\">O papa Paulo VI declarou oficialmente Santa Joana como padroeira da Cidade e da Diocese de Aveiro, a pedido do bispo de Aveiro D. Manuel de Almeida Trindade.O referido bispo de Aveiro instituiu a reitoria de Santa Joana, no per\u00edmetro da cidade de Aveiro.<\/p>\n<p>O mesmo bispo elevou a reitoria de Santa Joana \u00e0 categoria de par\u00f3quia.<\/p>\n<p>D. Jos\u00e9 de Aquino Pereira, bispo da Diocese de S\u00e3o Jos\u00e9 do Rio Preto, no Estado de S\u00e3o Paulo (Brasil), instituiu a par\u00f3quia de Santa Joana Princesa, na cidade de Votuporanga.<\/p>\n<p>Descerramento da primeira est\u00e1tua de Santa Joana na pra\u00e7a do Milen\u00e1rio, em Aveiro, a qual foi transferida em 2002 para o adro da igreja matriz de Santa Joana (Aveiro).<\/p>\n<p>Descerramento da est\u00e1tua definitiva de Santa Joana na pra\u00e7a do Milen\u00e1rio, em Aveiro, pelo bispo D. Ant\u00f3nio Baltasar Marcelino.<\/td>\n<\/tr>\n<\/tbody>\n<\/table>\n","protected":false},"excerpt":{"rendered":"<p>Por Mons. Jo\u00e3o Gaspar \u00a0&#8211; Cronologia de Santa Joana Princesa; \u00a0Sta Joana \u2013 Cronologia\u00a0[Download] 1415 21 de agosto Tomada de Ceuta pelos portugueses. Pouco depois, o senhorio de Aveiro foi entregue ao infante D. Pedro,<a class=\"moretag\" href=\"https:\/\/diocese-aveiro.pt\/santajoana\/vida\/cronologia\/\"> Ler mais<\/a><\/p>\n","protected":false},"author":1,"featured_media":140,"parent":359,"menu_order":0,"comment_status":"closed","ping_status":"closed","template":"page-templates\/template-fullwidth.php","meta":[],"_links":{"self":[{"href":"https:\/\/diocese-aveiro.pt\/santajoana\/wp-json\/wp\/v2\/pages\/365"}],"collection":[{"href":"https:\/\/diocese-aveiro.pt\/santajoana\/wp-json\/wp\/v2\/pages"}],"about":[{"href":"https:\/\/diocese-aveiro.pt\/santajoana\/wp-json\/wp\/v2\/types\/page"}],"author":[{"embeddable":true,"href":"https:\/\/diocese-aveiro.pt\/santajoana\/wp-json\/wp\/v2\/users\/1"}],"replies":[{"embeddable":true,"href":"https:\/\/diocese-aveiro.pt\/santajoana\/wp-json\/wp\/v2\/comments?post=365"}],"version-history":[{"count":5,"href":"https:\/\/diocese-aveiro.pt\/santajoana\/wp-json\/wp\/v2\/pages\/365\/revisions"}],"predecessor-version":[{"id":637,"href":"https:\/\/diocese-aveiro.pt\/santajoana\/wp-json\/wp\/v2\/pages\/365\/revisions\/637"}],"up":[{"embeddable":true,"href":"https:\/\/diocese-aveiro.pt\/santajoana\/wp-json\/wp\/v2\/pages\/359"}],"wp:featuredmedia":[{"embeddable":true,"href":"https:\/\/diocese-aveiro.pt\/santajoana\/wp-json\/wp\/v2\/media\/140"}],"wp:attachment":[{"href":"https:\/\/diocese-aveiro.pt\/santajoana\/wp-json\/wp\/v2\/media?parent=365"}],"curies":[{"name":"wp","href":"https:\/\/api.w.org\/{rel}","templated":true}]}}