{"id":82,"date":"2017-03-28T11:09:08","date_gmt":"2017-03-28T11:09:08","guid":{"rendered":"https:\/\/diocese-aveiro.pt\/emrc\/?page_id=82"},"modified":"2023-09-19T11:54:49","modified_gmt":"2023-09-19T10:54:49","slug":"links","status":"publish","type":"page","link":"https:\/\/diocese-aveiro.pt\/emrc\/links\/","title":{"rendered":"LINKS"},"content":{"rendered":"<p style=\"text-align: center;\">Neste espa\u00e7o iremos divulgar algumas liga\u00e7\u00f5es importantes.<\/p>\n<p style=\"text-align: center;\"><a href=\"http:\/\/www.diocese-aveiro.pt\/\"><img fetchpriority=\"high\" decoding=\"async\" class=\"wp-image-228 aligncenter\" src=\"https:\/\/diocese-aveiro.pt\/emrc\/wp-content\/uploads\/2017\/03\/2014-_novo-brasao-da-diocese-300x106.jpg\" alt=\"\" width=\"414\" height=\"146\" srcset=\"https:\/\/diocese-aveiro.pt\/emrc\/wp-content\/uploads\/2017\/03\/2014-_novo-brasao-da-diocese-300x106.jpg 300w, https:\/\/diocese-aveiro.pt\/emrc\/wp-content\/uploads\/2017\/03\/2014-_novo-brasao-da-diocese-768x272.jpg 768w, https:\/\/diocese-aveiro.pt\/emrc\/wp-content\/uploads\/2017\/03\/2014-_novo-brasao-da-diocese.jpg 960w\" sizes=\"(max-width: 414px) 100vw, 414px\" \/><\/a><\/p>\n<p style=\"text-align: center;\">Site da Diocese de Aveiro<\/p>\n<h1 style=\"text-align: center;\"><strong>\u2248\u2248\u2248\u2248\u2248\u2248\u2248\u2248\u2248\u2248\u2248\u2248<\/strong><\/h1>\n<p style=\"text-align: center;\"><a href=\"http:\/\/www.facebook.com\/emrc.aveiro\/\"><img decoding=\"async\" class=\"alignnone size-medium wp-image-231\" src=\"https:\/\/diocese-aveiro.pt\/emrc\/wp-content\/uploads\/2017\/03\/IMG_20151003_145159-300x169.jpg\" alt=\"\" width=\"300\" height=\"169\" srcset=\"https:\/\/diocese-aveiro.pt\/emrc\/wp-content\/uploads\/2017\/03\/IMG_20151003_145159-300x169.jpg 300w, https:\/\/diocese-aveiro.pt\/emrc\/wp-content\/uploads\/2017\/03\/IMG_20151003_145159-768x432.jpg 768w, https:\/\/diocese-aveiro.pt\/emrc\/wp-content\/uploads\/2017\/03\/IMG_20151003_145159-1024x576.jpg 1024w, https:\/\/diocese-aveiro.pt\/emrc\/wp-content\/uploads\/2017\/03\/IMG_20151003_145159.jpg 1600w\" sizes=\"(max-width: 300px) 100vw, 300px\" \/><\/a><\/p>\n<p style=\"text-align: center;\">P\u00e1gina do facebook de EMRC &#8211; Aveiro<\/p>\n<h1 style=\"text-align: center;\"><strong>\u2248\u2248\u2248\u2248\u2248\u2248\u2248\u2248\u2248\u2248\u2248\u2248<\/strong><\/h1>\n<p>&nbsp;<\/p>\n<p style=\"text-align: center;\"><a href=\"http:\/\/www.educris.com\/\"><img decoding=\"async\" class=\"alignnone size-full wp-image-232\" src=\"https:\/\/diocese-aveiro.pt\/emrc\/wp-content\/uploads\/2017\/03\/logo_educris_fb2.png\" alt=\"\" width=\"280\" height=\"280\" srcset=\"https:\/\/diocese-aveiro.pt\/emrc\/wp-content\/uploads\/2017\/03\/logo_educris_fb2.png 280w, https:\/\/diocese-aveiro.pt\/emrc\/wp-content\/uploads\/2017\/03\/logo_educris_fb2-150x150.png 150w\" sizes=\"(max-width: 280px) 100vw, 280px\" \/><\/a><\/p>\n<p style=\"text-align: center;\">Site do Secretariado Nacional da Educa\u00e7\u00e3o Crist\u00e3 (SNEC)<\/p>\n<h1 style=\"text-align: center;\"><strong>\u2248\u2248\u2248\u2248\u2248\u2248\u2248\u2248\u2248\u2248\u2248\u2248<\/strong><\/h1>\n<p style=\"text-align: center;\"><a href=\"http:\/\/www.passo-a-rezar.net\/\"><img loading=\"lazy\" decoding=\"async\" class=\"alignnone size-medium wp-image-233\" src=\"https:\/\/diocese-aveiro.pt\/emrc\/wp-content\/uploads\/2017\/03\/Passo-a-Rezar-300x225.jpg\" alt=\"\" width=\"300\" height=\"225\" srcset=\"https:\/\/diocese-aveiro.pt\/emrc\/wp-content\/uploads\/2017\/03\/Passo-a-Rezar-300x225.jpg 300w, https:\/\/diocese-aveiro.pt\/emrc\/wp-content\/uploads\/2017\/03\/Passo-a-Rezar.jpg 400w\" sizes=\"(max-width: 300px) 100vw, 300px\" \/><\/a><\/p>\n<p style=\"text-align: center;\">Passo a rezar.net<\/p>\n<h1 style=\"text-align: center;\"><strong>\u2248\u2248\u2248\u2248\u2248\u2248\u2248\u2248\u2248\u2248\u2248\u2248<\/strong><\/h1>\n<p>&nbsp;<\/p>\n<p style=\"text-align: center;\"><a href=\"http:\/\/www.paroquias.org\/biblia\/\"><img loading=\"lazy\" decoding=\"async\" class=\"alignnone size-full wp-image-229\" src=\"https:\/\/diocese-aveiro.pt\/emrc\/wp-content\/uploads\/2017\/03\/bibliacd.jpg\" alt=\"\" width=\"160\" height=\"200\" \/><\/a><\/p>\n<p style=\"text-align: center;\">A B\u00edblia Online &#8211; DIFUSORA B\u00cdBLICA<\/p>\n<h1 style=\"text-align: center;\"><strong>\u2248\u2248\u2248\u2248\u2248\u2248\u2248\u2248\u2248\u2248\u2248\u2248<\/strong><\/h1>\n<p>&nbsp;<\/p>\n<p style=\"text-align: center;\"><a href=\"http:\/\/seminarioaveiro.org\/\"><img loading=\"lazy\" decoding=\"async\" class=\"alignnone size-medium wp-image-235\" src=\"https:\/\/diocese-aveiro.pt\/emrc\/wp-content\/uploads\/2017\/03\/semin\u00e1rio-300x213.jpg\" alt=\"\" width=\"300\" height=\"213\" srcset=\"https:\/\/diocese-aveiro.pt\/emrc\/wp-content\/uploads\/2017\/03\/semin\u00e1rio-300x213.jpg 300w, https:\/\/diocese-aveiro.pt\/emrc\/wp-content\/uploads\/2017\/03\/semin\u00e1rio-768x544.jpg 768w, https:\/\/diocese-aveiro.pt\/emrc\/wp-content\/uploads\/2017\/03\/semin\u00e1rio-1024x726.jpg 1024w, https:\/\/diocese-aveiro.pt\/emrc\/wp-content\/uploads\/2017\/03\/semin\u00e1rio.jpg 1037w\" sizes=\"(max-width: 300px) 100vw, 300px\" \/><\/a><\/p>\n<p style=\"text-align: center;\">Semin\u00e1rio de Santa Joana Princesa &#8211; Semin\u00e1rio de Aveiro<\/p>\n<p>&nbsp;<\/p>\n<p>&nbsp;<\/p>\n<h1 style=\"text-align: center;\"><strong>\u2248\u2248\u2248\u2248\u2248\u2248\u2248\u2248\u2248\u2248\u2248\u2248<\/strong><\/h1>\n<p>&nbsp;<\/p>\n<p style=\"text-align: center;\"><a href=\"https:\/\/grupovita.pt\"><img loading=\"lazy\" decoding=\"async\" class=\"alignnone wp-image-1618 size-medium\" src=\"https:\/\/diocese-aveiro.pt\/emrc\/wp-content\/uploads\/2023\/09\/cartaz-azul-212x300.jpg\" alt=\"\" width=\"212\" height=\"300\" srcset=\"https:\/\/diocese-aveiro.pt\/emrc\/wp-content\/uploads\/2023\/09\/cartaz-azul-212x300.jpg 212w, https:\/\/diocese-aveiro.pt\/emrc\/wp-content\/uploads\/2023\/09\/cartaz-azul-724x1024.jpg 724w, https:\/\/diocese-aveiro.pt\/emrc\/wp-content\/uploads\/2023\/09\/cartaz-azul-768x1086.jpg 768w, https:\/\/diocese-aveiro.pt\/emrc\/wp-content\/uploads\/2023\/09\/cartaz-azul-1086x1536.jpg 1086w, https:\/\/diocese-aveiro.pt\/emrc\/wp-content\/uploads\/2023\/09\/cartaz-azul-1448x2048.jpg 1448w, https:\/\/diocese-aveiro.pt\/emrc\/wp-content\/uploads\/2023\/09\/cartaz-azul-scaled.jpg 1811w\" sizes=\"(max-width: 212px) 100vw, 212px\" \/><\/a><\/p>\n<p style=\"text-align: center;\">Grupo Vita<\/p>\n","protected":false},"excerpt":{"rendered":"<p>Neste espa\u00e7o iremos divulgar algumas liga\u00e7\u00f5es importantes. Site da Diocese de Aveiro \u2248\u2248\u2248\u2248\u2248\u2248\u2248\u2248\u2248\u2248\u2248\u2248 P\u00e1gina do facebook de EMRC &#8211; Aveiro \u2248\u2248\u2248\u2248\u2248\u2248\u2248\u2248\u2248\u2248\u2248\u2248 &nbsp; Site do Secretariado Nacional da Educa\u00e7\u00e3o Crist\u00e3 (SNEC) \u2248\u2248\u2248\u2248\u2248\u2248\u2248\u2248\u2248\u2248\u2248\u2248 Passo a rezar.net \u2248\u2248\u2248\u2248\u2248\u2248\u2248\u2248\u2248\u2248\u2248\u2248 &nbsp; A B\u00edblia Online &#8211; DIFUSORA B\u00cdBLICA \u2248\u2248\u2248\u2248\u2248\u2248\u2248\u2248\u2248\u2248\u2248\u2248 &nbsp; Semin\u00e1rio de Santa Joana Princesa &#8211; Semin\u00e1rio de Aveiro &nbsp; &nbsp; \u2248\u2248\u2248\u2248\u2248\u2248\u2248\u2248\u2248\u2248\u2248\u2248 &nbsp; Grupo Vita<\/p>\n","protected":false},"author":1,"featured_media":0,"parent":0,"menu_order":8,"comment_status":"closed","ping_status":"closed","template":"","meta":{"footnotes":""},"_links":{"self":[{"href":"https:\/\/diocese-aveiro.pt\/emrc\/wp-json\/wp\/v2\/pages\/82"}],"collection":[{"href":"https:\/\/diocese-aveiro.pt\/emrc\/wp-json\/wp\/v2\/pages"}],"about":[{"href":"https:\/\/diocese-aveiro.pt\/emrc\/wp-json\/wp\/v2\/types\/page"}],"author":[{"embeddable":true,"href":"https:\/\/diocese-aveiro.pt\/emrc\/wp-json\/wp\/v2\/users\/1"}],"replies":[{"embeddable":true,"href":"https:\/\/diocese-aveiro.pt\/emrc\/wp-json\/wp\/v2\/comments?post=82"}],"version-history":[{"count":11,"href":"https:\/\/diocese-aveiro.pt\/emrc\/wp-json\/wp\/v2\/pages\/82\/revisions"}],"predecessor-version":[{"id":1619,"href":"https:\/\/diocese-aveiro.pt\/emrc\/wp-json\/wp\/v2\/pages\/82\/revisions\/1619"}],"wp:attachment":[{"href":"https:\/\/diocese-aveiro.pt\/emrc\/wp-json\/wp\/v2\/media?parent=82"}],"curies":[{"name":"wp","href":"https:\/\/api.w.org\/{rel}","templated":true}]}}