{"id":80,"date":"2017-03-28T11:08:55","date_gmt":"2017-03-28T11:08:55","guid":{"rendered":"https:\/\/diocese-aveiro.pt\/emrc\/?page_id=80"},"modified":"2024-03-19T11:32:56","modified_gmt":"2024-03-19T11:32:56","slug":"secretariados-diocesanos","status":"publish","type":"page","link":"https:\/\/diocese-aveiro.pt\/emrc\/escolas\/secretariados-diocesanos\/","title":{"rendered":"Secretariados diocesanos (Contactos)"},"content":{"rendered":"<h3 style=\"text-align: center;\">RESPONS\u00c1VEIS DIOCESANOS DE<\/h3>\n<h3 style=\"text-align: center;\">EDUCA\u00c7\u00c3O MORAL E RELIGIOSA CAT\u00d3LICA<\/h3>\n<p style=\"text-align: center;\"><strong><em>Setembro 2023<\/em><\/strong><\/p>\n<p><strong>ALGARVE<\/strong><\/p>\n<p>Patr\u00edcia Carla Torrado Gon\u00e7alves Mendon\u00e7a<\/p>\n<p>SDER &#8211; 289\u00a0807 590<br \/>\nLargo da S\u00e9, n\u00ba 20<br \/>\n8000-138 FARO<br \/>\nescolas@diocese-algarve.pt<\/p>\n<p>&nbsp;<\/p>\n<p><strong>ANGRA<\/strong><\/p>\n<p>Pe. Adriano Manuel T. Borges<\/p>\n<p>Rua Francisco Arruda Furtado, 16<br \/>\nS. Sebasti\u00e3o<br \/>\n9500-060 Ponta Delgada &#8211; S. Miguel &#8211; A\u00e7ores<br \/>\n295\u00a0213 587<br \/>\nsdape@hotmail.com<br \/>\npadreadriano@sapo.pt<\/p>\n<p>&nbsp;<\/p>\n<p><strong>AVEIRO<\/strong><\/p>\n<p>S\u00e9rgio Manuel Jesus Martins<\/p>\n<p>Semin\u00e1rio de Aveiro \u2013 Centro Pastoral<br \/>\nAv\u00aa Jo\u00e3o Jacinto Magalh\u00e3es, 17<br \/>\n3814-506 AVEIRO<br \/>\n234 377 140 (C\u00faria Diocesana)<br \/>\npastoralnasescolas@diocese-aveiro.pt<br \/>\npastoralnasescolas@gmail.com<\/p>\n<p>&nbsp;<\/p>\n<p><strong>BEJA<\/strong><\/p>\n<p>Jorge Miguel Raposo da Mata<\/p>\n<p>Rua Nat\u00e1lia Correia, 8<br \/>\n7800-651 N. SRA. DAS NEVES<br \/>\ndeie.beja@gmail.com<\/p>\n<p>&nbsp;<\/p>\n<p><strong>BRAGA<\/strong><\/p>\n<p>Pedro da Silva Mendes<\/p>\n<p>Rua de S. Domingos, 94-B<br \/>\n4710-435 BRAGA<br \/>\n253 203180<br \/>\nemrc@arquidiocese-braga.pt<\/p>\n<p>&nbsp;<\/p>\n<p><strong>BRAGAN\u00c7A-MIRANDA<\/strong><\/p>\n<p>Jorge Manuel Esteves de Oliveira Novo<\/p>\n<p>Secretariado Diocesano de EMRC<br \/>\nC\u00faria Diocesana &#8211; Rua Em\u00eddio Navarro, 2<br \/>\n5300-210 BRAGAN\u00c7A<br \/>\ngeral@emrcbraganca-miranda.pt<\/p>\n<p>&nbsp;<\/p>\n<p><strong>COIMBRA<\/strong><\/p>\n<p>Jo\u00e3o Manuel Henriques Mendes<\/p>\n<p>Secretariado Diocesano de EMRC<br \/>\nRua Vandelli n\u00ba 2<br \/>\n3004-547 COIMBRA<br \/>\n239 792 342\/44<br \/>\nsdemrc.coimbra@gmail.com<\/p>\n<p>&nbsp;<\/p>\n<p><strong>\u00c9VORA<\/strong><br \/>\nPe. Manuel Jos\u00e9 Dourado Marques (Diretor)<\/p>\n<p>Rua de Mour\u00e3o, 79<br \/>\n7200-294 REGUENGOS DE MONSARAZ<br \/>\n266 502 296<br \/>\nsdere.evora@gmail.com<\/p>\n<p>&nbsp;<\/p>\n<p><strong>FUNCHAL<\/strong><\/p>\n<p>Rev. Padre Pedro Filipe de G\u00f3is N\u00f3brega (Diretor)<\/p>\n<p>Rua Dr. Fern\u00e3o Ornelas, 37-3\u00ba Esq.<br \/>\n9050-021 FUNCHAL<br \/>\n291221755<br \/>\ndepartamento.eie.df@gmail.com<\/p>\n<p>&nbsp;<\/p>\n<p><strong>GUARDA<\/strong><\/p>\n<p>Estela Cristina Ribeiro de Brito<\/p>\n<p>Semin\u00e1rio Maior da Guarda<br \/>\nRua D. Jos\u00e9 Alves Matoso, 7<br \/>\n6300-682 GUARDA<br \/>\n271 205 200<br \/>\ndepartamentodeemrc.guarda@gmail.com<\/p>\n<p>&nbsp;<\/p>\n<p><strong>LAMEGO<\/strong><\/p>\n<p>Ant\u00f3nio Jos\u00e9 Ferreira Rodrigues<\/p>\n<p>Centro Apost\u00f3lico<br \/>\nRua dos Loureiros S\/nr<br \/>\n5100-095 Lamego<br \/>\nsder.lamego@gmail.com<\/p>\n<p>&nbsp;<\/p>\n<p><strong>LEIRIA<\/strong><\/p>\n<p>Maria Alexandra Pires de Figueiredo Varela<br \/>\nMois\u00e9s Oliveira Lobo<br \/>\nPedro Nuno da Silva Coelho<\/p>\n<p>Semin\u00e1rio Diocesano<br \/>\n2414-011 LEIRIA<br \/>\n244 825 168<br \/>\nspe@leiria-fatima.pt<\/p>\n<p>&nbsp;<\/p>\n<p><strong>LISBOA<\/strong><\/p>\n<p>Maria de F\u00e1tima Nunes<\/p>\n<p>Secretariado Diocesano Ensino Religioso<br \/>\nMosteiro de S. Vicente de Fora<br \/>\nCampo de Sta. Clara<br \/>\n1100-473 LISBOA<br \/>\n218 810 541\/2<br \/>\nsder@patriarcado-lisboa.pt<\/p>\n<p>&nbsp;<\/p>\n<p><strong>PORTALEGRE-CASTELO BRANCO<\/strong><\/p>\n<p>Manuel Mendon\u00e7a Esteves<\/p>\n<p>Rua de Oleiros, n\u00ba 4-1\u00ba Dto<br \/>\n6100-750 SERT\u00c3<br \/>\nfraschettiesteves2000@yahoo.it<\/p>\n<p>&nbsp;<\/p>\n<p><strong>PORTO<\/strong><\/p>\n<p>Carlos Manuel Meneses Moreira<\/p>\n<p>Casa Diocesana de Vilar<br \/>\nRua Arcediago Van Zeller, 50<br \/>\n4050-621 PORTO<br \/>\n226 056 000<br \/>\nsdemrcporto@gmail.com<\/p>\n<p>&nbsp;<\/p>\n<p><strong>SANTAR\u00c9M<\/strong><\/p>\n<p>Maria de Lurdes Violante Ferreira Gameiro<\/p>\n<p>Semin\u00e1rio &#8211; Largo S\u00e1 da Bandeira<br \/>\n2000-135 SANTAR\u00c9M<br \/>\n243 304 060<br \/>\nsdeie.santarem@gmail.com<\/p>\n<p>&nbsp;<\/p>\n<p><strong>SET\u00daBAL<\/strong><\/p>\n<p>Jos\u00e9 Joaquim Santos<\/p>\n<p>Rua Fran Pacheco, 109<br \/>\n2900-376 SET\u00daBAL<br \/>\nsdeie.setubal@gmail.com<\/p>\n<p>&nbsp;<\/p>\n<p><strong>VIANA DO CASTELO<\/strong><\/p>\n<p>Maria Jos\u00e9 Porto Soares Cerqueira<\/p>\n<p>Convento de S. Domingos<br \/>\nRua G\u00f3is Pinto<br \/>\n4900-368 VIANA DO CASTELO<br \/>\nemrcvianacastelo@gmail.com<\/p>\n<p>&nbsp;<\/p>\n<p><strong>VILA REAL<\/strong><\/p>\n<p>Pe. M\u00e1rcio Daniel Fonseca Martins<\/p>\n<p>Semin\u00e1rio &#8211; Rua D. Pedro de Castro, 1<br \/>\n5000-669 Vila Real<br \/>\ndocentesemrcvilareal@gmail.com<\/p>\n<p>&nbsp;<\/p>\n<p><strong>VISEU<\/strong><\/p>\n<p>Abel Joaquim Tavares Dias<\/p>\n<p>Casa Episcopal<br \/>\nRua Nunes de Carvalho, 12<br \/>\n3500-163 VISEU<br \/>\n232 423 338 \/ 232 467 690<br \/>\nsdecviseu@gmail.com<\/p>\n","protected":false},"excerpt":{"rendered":"<p>RESPONS\u00c1VEIS DIOCESANOS DE EDUCA\u00c7\u00c3O MORAL E RELIGIOSA CAT\u00d3LICA Setembro 2023 ALGARVE Patr\u00edcia Carla Torrado Gon\u00e7alves Mendon\u00e7a SDER &#8211; 289\u00a0807 590 Largo da S\u00e9, n\u00ba 20 8000-138 FARO escolas@diocese-algarve.pt &nbsp; ANGRA Pe. Adriano Manuel T. Borges Rua Francisco Arruda Furtado, 16 S. Sebasti\u00e3o 9500-060 Ponta Delgada &#8211; S. Miguel &#8211; A\u00e7ores 295\u00a0213 587 sdape@hotmail.com padreadriano@sapo.pt &nbsp; AVEIRO S\u00e9rgio Manuel Jesus Martins [&hellip;]<\/p>\n","protected":false},"author":1,"featured_media":0,"parent":70,"menu_order":0,"comment_status":"closed","ping_status":"closed","template":"","meta":{"footnotes":""},"_links":{"self":[{"href":"https:\/\/diocese-aveiro.pt\/emrc\/wp-json\/wp\/v2\/pages\/80"}],"collection":[{"href":"https:\/\/diocese-aveiro.pt\/emrc\/wp-json\/wp\/v2\/pages"}],"about":[{"href":"https:\/\/diocese-aveiro.pt\/emrc\/wp-json\/wp\/v2\/types\/page"}],"author":[{"embeddable":true,"href":"https:\/\/diocese-aveiro.pt\/emrc\/wp-json\/wp\/v2\/users\/1"}],"replies":[{"embeddable":true,"href":"https:\/\/diocese-aveiro.pt\/emrc\/wp-json\/wp\/v2\/comments?post=80"}],"version-history":[{"count":16,"href":"https:\/\/diocese-aveiro.pt\/emrc\/wp-json\/wp\/v2\/pages\/80\/revisions"}],"predecessor-version":[{"id":1692,"href":"https:\/\/diocese-aveiro.pt\/emrc\/wp-json\/wp\/v2\/pages\/80\/revisions\/1692"}],"up":[{"embeddable":true,"href":"https:\/\/diocese-aveiro.pt\/emrc\/wp-json\/wp\/v2\/pages\/70"}],"wp:attachment":[{"href":"https:\/\/diocese-aveiro.pt\/emrc\/wp-json\/wp\/v2\/media?parent=80"}],"curies":[{"name":"wp","href":"https:\/\/api.w.org\/{rel}","templated":true}]}}