{"id":789,"date":"2018-10-30T15:38:34","date_gmt":"2018-10-30T15:38:34","guid":{"rendered":"https:\/\/diocese-aveiro.pt\/emrc\/?page_id=789"},"modified":"2023-07-12T12:25:17","modified_gmt":"2023-07-12T11:25:17","slug":"concursos","status":"publish","type":"page","link":"https:\/\/diocese-aveiro.pt\/emrc\/escolas\/legislacao-atual\/concursos\/","title":{"rendered":"Concursos"},"content":{"rendered":"<p><img fetchpriority=\"high\" decoding=\"async\" class=\"alignnone wp-image-803 size-large\" src=\"https:\/\/diocese-aveiro.pt\/emrc\/wp-content\/uploads\/2018\/10\/DSC_0140-1024x683.jpg\" alt=\"\" width=\"900\" height=\"600\" srcset=\"https:\/\/diocese-aveiro.pt\/emrc\/wp-content\/uploads\/2018\/10\/DSC_0140-1024x683.jpg 1024w, https:\/\/diocese-aveiro.pt\/emrc\/wp-content\/uploads\/2018\/10\/DSC_0140-300x200.jpg 300w, https:\/\/diocese-aveiro.pt\/emrc\/wp-content\/uploads\/2018\/10\/DSC_0140-768x512.jpg 768w, https:\/\/diocese-aveiro.pt\/emrc\/wp-content\/uploads\/2018\/10\/DSC_0140-480x320.jpg 480w, https:\/\/diocese-aveiro.pt\/emrc\/wp-content\/uploads\/2018\/10\/DSC_0140-450x300.jpg 450w\" sizes=\"(max-width: 900px) 100vw, 900px\" \/><\/p>\n<p>&#8211; <strong>Decreto-Lei N\u00ba 32\/A &#8211; 2023<\/strong> de 08 de maio<\/p>\n<p>: Estabelece o novo regime de gest\u00e3o e recrutamento do pessoal docente dos ensinos b\u00e1sico e secund\u00e1rio e de t\u00e9cnicos especializados para forma\u00e7\u00e3o<\/p>\n<p><a href=\"https:\/\/diocese-aveiro.pt\/emrc\/wp-content\/uploads\/2023\/07\/Dec_Lei_32_A_2023.pdf\">Dec. Lei N\u00ba 32\/A &#8211; 2023<\/a><\/p>\n<p>&nbsp;<\/p>\n<p>&#8211; <strong>Portaria N\u00ba156-B\/2013<\/strong>, de 19 de abril<\/p>\n<p><strong>Procede a extin\u00e7\u00e3o dos quadros de zona pedag\u00f3gica existentes, criando novos quadros <\/strong>(QZP);<\/p>\n<p><a href=\"https:\/\/diocese-aveiro.pt\/emrc\/wp-content\/uploads\/2018\/10\/Portaria-156-B_2013.pdf\">Portaria N\u00ba 156-B\/2013<\/a><\/p>\n<p>&nbsp;<\/p>\n<p>&#8211; <strong>Decreto-Lei N\u00ba 28\/2017<\/strong> de 15 de mar\u00e7o<\/p>\n<p>Altera o Decreto-Lei N\u00ba 83-A\/2014, de 23 de maio, e procede \u00e0 sexta altera\u00e7\u00e3o ao Decreto-Lei n.\u00ba 132\/2012, de 27 de junho que estabelece o <strong>regime de sele\u00e7\u00e3o, recrutamento e mobilidade do pessoal docente<\/strong> para os Estabelecimentos p\u00fablicos de educa\u00e7\u00e3o pr\u00e9- escolar e dos ensinos b\u00e1sico e secund\u00e1rio da depend\u00eancia do Minist\u00e9rio da Educa\u00e7\u00e3o e Ci\u00eancia;<\/p>\n<p><a href=\"https:\/\/diocese-aveiro.pt\/emrc\/wp-content\/uploads\/2018\/10\/Decreto-Lei-28_2017.pdf\">Decreto-Lei N\u00ba 28\/2017<\/a><\/p>\n<p>&nbsp;<\/p>\n<p>&#8211; <strong>Decreto Legislativo Regional N\u00ba 2\/2017\/A<\/strong><\/p>\n<p>Altera o Regulamento de Concurso do Pessoal Docente da Educa\u00e7\u00e3o Pr\u00e9-Escolar e Ensinos B\u00e1sico e Secund\u00e1rio &#8211; Regi\u00e3o Aut\u00f3noma dos <strong>A\u00e7ores;<\/strong><\/p>\n<p><a href=\"https:\/\/diocese-aveiro.pt\/emrc\/wp-content\/uploads\/2018\/10\/Decreto-Legislativo-Regional-2_2017_A.pdf\">Decreto Legislativo Regional N\u00ba 2_2017\/A<\/a><\/p>\n<p>&nbsp;<\/p>\n<p>&#8211; <strong>Decreto Legislativo Regional N\u00ba 28\/20I6\/M <\/strong><\/p>\n<p><strong>Regula os concursos para sele\u00e7\u00e3o e recrutamento do pessoal docente<\/strong> da educa\u00e7\u00e3o, dos ensinos b\u00e1sico e secund\u00e1rio e do pessoal docente especializado em educa\u00e7\u00e3o e ensino especial da <strong>Regi\u00e3o Aut\u00f3noma da Madeira;<\/strong><\/p>\n<p><a href=\"https:\/\/diocese-aveiro.pt\/emrc\/wp-content\/uploads\/2018\/10\/Decreto-Legislativo-Regional-28_2016_M.pdf\">Decreto Legislativo Regional N\u00ba 28\/2016\/M<\/a><\/p>\n<p>&nbsp;<\/p>\n<p>&#8211; <strong>Lei 12\/2016<\/strong> de 28 de abril<\/p>\n<p><strong>Elimina a requalifica\u00e7\u00e3o de docentes do quadro<\/strong>, procedendo \u00e0 quarta altera\u00e7\u00e3o ao <a href=\"https:\/\/diocese-aveiro.pt\/emrc\/wp-content\/uploads\/2018\/10\/Decreto-Lei-132_2012.pdf\">Decreto-Lei N\u00ba 132\/2012<\/a>, de 27 de junho.<\/p>\n<p><a href=\"https:\/\/diocese-aveiro.pt\/emrc\/wp-content\/uploads\/2018\/10\/Lei-12_2016.pdf\">Lei N\u00ba 12\/2016<\/a><\/p>\n","protected":false},"excerpt":{"rendered":"<p>&#8211; Decreto-Lei N\u00ba 32\/A &#8211; 2023 de 08 de maio : Estabelece o novo regime de gest\u00e3o e recrutamento do pessoal docente dos ensinos b\u00e1sico e secund\u00e1rio e de t\u00e9cnicos especializados para forma\u00e7\u00e3o Dec. Lei N\u00ba 32\/A &#8211; 2023 &nbsp; &#8211; Portaria N\u00ba156-B\/2013, de 19 de abril Procede a extin\u00e7\u00e3o dos quadros de zona pedag\u00f3gica existentes, criando novos quadros (QZP); [&hellip;]<\/p>\n","protected":false},"author":1,"featured_media":0,"parent":743,"menu_order":0,"comment_status":"closed","ping_status":"closed","template":"","meta":{"footnotes":""},"_links":{"self":[{"href":"https:\/\/diocese-aveiro.pt\/emrc\/wp-json\/wp\/v2\/pages\/789"}],"collection":[{"href":"https:\/\/diocese-aveiro.pt\/emrc\/wp-json\/wp\/v2\/pages"}],"about":[{"href":"https:\/\/diocese-aveiro.pt\/emrc\/wp-json\/wp\/v2\/types\/page"}],"author":[{"embeddable":true,"href":"https:\/\/diocese-aveiro.pt\/emrc\/wp-json\/wp\/v2\/users\/1"}],"replies":[{"embeddable":true,"href":"https:\/\/diocese-aveiro.pt\/emrc\/wp-json\/wp\/v2\/comments?post=789"}],"version-history":[{"count":5,"href":"https:\/\/diocese-aveiro.pt\/emrc\/wp-json\/wp\/v2\/pages\/789\/revisions"}],"predecessor-version":[{"id":1531,"href":"https:\/\/diocese-aveiro.pt\/emrc\/wp-json\/wp\/v2\/pages\/789\/revisions\/1531"}],"up":[{"embeddable":true,"href":"https:\/\/diocese-aveiro.pt\/emrc\/wp-json\/wp\/v2\/pages\/743"}],"wp:attachment":[{"href":"https:\/\/diocese-aveiro.pt\/emrc\/wp-json\/wp\/v2\/media?parent=789"}],"curies":[{"name":"wp","href":"https:\/\/api.w.org\/{rel}","templated":true}]}}