{"id":747,"date":"2018-10-30T15:02:05","date_gmt":"2018-10-30T15:02:05","guid":{"rendered":"https:\/\/diocese-aveiro.pt\/emrc\/?page_id=747"},"modified":"2023-07-12T12:29:34","modified_gmt":"2023-07-12T11:29:34","slug":"legislacao-especifica-para-emrc","status":"publish","type":"page","link":"https:\/\/diocese-aveiro.pt\/emrc\/escolas\/legislacao-atual\/legislacao-especifica-para-emrc\/","title":{"rendered":"Legisla\u00e7\u00e3o Espec\u00edfica para EMRC"},"content":{"rendered":"<p><img fetchpriority=\"high\" decoding=\"async\" class=\"alignnone size-large wp-image-809\" src=\"https:\/\/diocese-aveiro.pt\/emrc\/wp-content\/uploads\/2018\/10\/DSC_0112-1024x683.jpg\" alt=\"\" width=\"900\" height=\"600\" srcset=\"https:\/\/diocese-aveiro.pt\/emrc\/wp-content\/uploads\/2018\/10\/DSC_0112-1024x683.jpg 1024w, https:\/\/diocese-aveiro.pt\/emrc\/wp-content\/uploads\/2018\/10\/DSC_0112-300x200.jpg 300w, https:\/\/diocese-aveiro.pt\/emrc\/wp-content\/uploads\/2018\/10\/DSC_0112-768x512.jpg 768w, https:\/\/diocese-aveiro.pt\/emrc\/wp-content\/uploads\/2018\/10\/DSC_0112-480x320.jpg 480w, https:\/\/diocese-aveiro.pt\/emrc\/wp-content\/uploads\/2018\/10\/DSC_0112-450x300.jpg 450w\" sizes=\"(max-width: 900px) 100vw, 900px\" \/><\/p>\n<p>&#8211; <strong>Portaria N\u00ba 333\/86<\/strong> de 02 de julho<\/p>\n<p>Regulamenta a leciona\u00e7\u00e3o da disciplina de <strong>EMRC no 1\u00ba Ciclo<\/strong> do Ensino B\u00e1sico (apenas em vigor o que n\u00e3o colide com o regulamento no <a href=\"https:\/\/diocese-aveiro.pt\/emrc\/wp-content\/uploads\/2018\/10\/Decreto-Lei-70_2013.pdf\">Decreto-Lei N\u00ba 70\/2013<\/a>, de 23 de maio). Revoga a <a href=\"https:\/\/diocese-aveiro.pt\/emrc\/wp-content\/uploads\/2018\/10\/Portaria-1077_80.pdf\">Portaria N\u00ba 1077\/80<\/a>, de 18 de Dezembro;<\/p>\n<p><a href=\"https:\/\/diocese-aveiro.pt\/emrc\/wp-content\/uploads\/2018\/10\/Portaria-333_86.pdf\">Portaria N\u00ba 333\/86<\/a><\/p>\n<p>&nbsp;<\/p>\n<p>&#8211; <strong>Resolu\u00e7\u00e3o da Assembleia da Rep\u00fablica N\u00ba 74\/2004<\/strong>, de 16 de Novembro<\/p>\n<p>Aprova, para ratifica\u00e7\u00e3o, a <strong>Concordata entre a Santa S\u00e9 e o Estado Portugu\u00eas<\/strong> \u2013 o art.19 refere-se ao ensino da Religi\u00e3o Cat\u00f3lica nas escolas portuguesas;<\/p>\n<p><a href=\"https:\/\/diocese-aveiro.pt\/emrc\/wp-content\/uploads\/2018\/10\/Resolu\u00e7\u00e3o-da-Assembleia-da-Rep\u00fablica-74_2004.pdf\">Resolu\u00e7\u00e3o da Assembleia da Rep\u00fablica N\u00ba 74\/2004<\/a><\/p>\n<p>&nbsp;<\/p>\n<p>&#8211; <strong>Decreto-lei 70\/2013<\/strong> de 23 de maio<\/p>\n<p><strong>Regulamento e leciona\u00e7\u00e3o da disciplina<\/strong> de Educa\u00e7\u00e3o Moral e Religiosa Cat\u00f3lica nas escolas p\u00fablicas, bem como o processo de recrutamento e sele\u00e7\u00e3o de docentes de EMRC;<\/p>\n<p><a href=\"https:\/\/diocese-aveiro.pt\/emrc\/wp-content\/uploads\/2018\/10\/Decreto-Lei-70_2013.pdf\">Decreto-Lei N\u00ba 70\/2013<\/a><\/p>\n<p>&nbsp;<\/p>\n<p>&#8211; <strong>Despacho N\u00ba 4734-A\/2015<\/strong> de 7de maio<\/p>\n<p>Atualiza o <strong>Calend\u00e1rio de Ado\u00e7\u00e3o de Manuais Escolares<\/strong> para a disciplina de Educa\u00e7\u00e3o Moral e Religiosa Cat\u00f3licas, constante do Anexo I ao <a href=\"https:\/\/diocese-aveiro.pt\/emrc\/wp-content\/uploads\/2018\/10\/Despacho-11421_2014.pdf\">Despacho N\u00ba 11421\/2014<\/a>, de 11 de setembro;<\/p>\n<p><a href=\"https:\/\/diocese-aveiro.pt\/emrc\/wp-content\/uploads\/2018\/10\/Despacho-4734-A_2015.pdf\">Despacho N\u00ba 4734-A\/2015<\/a><\/p>\n<p>&nbsp;<\/p>\n<p>&#8211; <strong>Declara\u00e7\u00e3o de Retifica\u00e7\u00e3o N\u00ba 29 \u2013A\/2018<\/strong> &#8211; Cursos Profissionais.<\/p>\n<p>Retifica o <a href=\"https:\/\/diocese-aveiro.pt\/emrc\/wp-content\/uploads\/2018\/10\/Decreto-Lei-55_2018.pdf\">Decreto Lei N\u00ba 55\/2018<\/a>, de 6 de julho, da Educa\u00e7\u00e3o, que estabelece o curr\u00edculo dos ensinos b\u00e1sico e secund\u00e1rio e os princ\u00edpios orientadores da avalia\u00e7\u00e3o das aprendizagens.<\/p>\n<p><a href=\"https:\/\/diocese-aveiro.pt\/emrc\/wp-content\/uploads\/2018\/10\/Declara\u00e7\u00e3o-de-retifica\u00e7\u00e3o-29-A_2018.pdf\">Declara\u00e7\u00e3o de retifica\u00e7\u00e3o N\u00ba 29-A\/2018<\/a><\/p>\n<p>&nbsp;<\/p>\n<p>&#8211; <strong>Decreto-Lei n.\u00ba 176\/2012 de 2 de agosto<\/strong><\/p>\n<p>Regula o regime de matr\u00edcula e de frequ\u00eancia no \u00e2mbito da escolaridade obrigat\u00f3ria das crian\u00e7as e dos jovens com idades compreendidas entre os 6 e os 18 anos e estabelece medidas que devem ser adotadas no \u00e2mbito dos percursos escolares dos alunos para prevenir o insucesso e o abandono escolares<\/p>\n<p><a href=\"https:\/\/diocese-aveiro.pt\/emrc\/wp-content\/uploads\/2022\/01\/Consolidacao-Decreto-Lei-n.o-176_2012-Diario-da-Republica-n.o-149_2012-Serie-I-de-2012-08-02.pdf\">Consolida\u00e7\u00e3o Decreto-Lei n.\u00ba 176_2012 &#8211; Di\u00e1rio da Rep\u00fablica n.\u00ba 149_2012, S\u00e9rie I de 2012-08-02<\/a><\/p>\n<p>&nbsp;<\/p>\n<p>&#8211; <strong>Despacho Normativo 6\/2018 de 12 abril<\/strong><\/p>\n<p>Estabelece os procedimentos da matr\u00edcula e respetiva renova\u00e7\u00e3o e as normas a observar na distribui\u00e7\u00e3o de crian\u00e7as e alunos.<\/p>\n<p><a href=\"https:\/\/diocese-aveiro.pt\/emrc\/wp-content\/uploads\/2022\/01\/Despacho-Normativo-6_2018.pdf\">Despacho Normativo 6_2018<\/a><\/p>\n<p>&nbsp;<\/p>\n<p>&#8211; <strong>Despacho Normativo 10B\/2021<\/strong><\/p>\n<p>Procede \u00e0 segunda altera\u00e7\u00e3o do <a href=\"https:\/\/diocese-aveiro.pt\/emrc\/wp-content\/uploads\/2022\/01\/Despacho-Normativo-6_2018.pdf\">Despacho Normativo 6_2018<\/a>, de 12 de abril, com a reda\u00e7\u00e3o dada pelo <a href=\"https:\/\/diocese-aveiro.pt\/emrc\/wp-content\/uploads\/2022\/01\/Despacho-Normativo-5_2020.pdf\">Despacho Normativo 5\/2020<\/a><\/p>\n<p><a href=\"https:\/\/diocese-aveiro.pt\/emrc\/wp-content\/uploads\/2022\/01\/Despacho-Normativo-10B_2021.pdf\">Despacho Normativo 10B_2021<\/a><\/p>\n","protected":false},"excerpt":{"rendered":"<p>&#8211; Portaria N\u00ba 333\/86 de 02 de julho Regulamenta a leciona\u00e7\u00e3o da disciplina de EMRC no 1\u00ba Ciclo do Ensino B\u00e1sico (apenas em vigor o que n\u00e3o colide com o regulamento no Decreto-Lei N\u00ba 70\/2013, de 23 de maio). Revoga a Portaria N\u00ba 1077\/80, de 18 de Dezembro; Portaria N\u00ba 333\/86 &nbsp; &#8211; Resolu\u00e7\u00e3o da Assembleia da Rep\u00fablica N\u00ba 74\/2004, [&hellip;]<\/p>\n","protected":false},"author":1,"featured_media":744,"parent":743,"menu_order":0,"comment_status":"closed","ping_status":"closed","template":"","meta":{"footnotes":""},"_links":{"self":[{"href":"https:\/\/diocese-aveiro.pt\/emrc\/wp-json\/wp\/v2\/pages\/747"}],"collection":[{"href":"https:\/\/diocese-aveiro.pt\/emrc\/wp-json\/wp\/v2\/pages"}],"about":[{"href":"https:\/\/diocese-aveiro.pt\/emrc\/wp-json\/wp\/v2\/types\/page"}],"author":[{"embeddable":true,"href":"https:\/\/diocese-aveiro.pt\/emrc\/wp-json\/wp\/v2\/users\/1"}],"replies":[{"embeddable":true,"href":"https:\/\/diocese-aveiro.pt\/emrc\/wp-json\/wp\/v2\/comments?post=747"}],"version-history":[{"count":8,"href":"https:\/\/diocese-aveiro.pt\/emrc\/wp-json\/wp\/v2\/pages\/747\/revisions"}],"predecessor-version":[{"id":1533,"href":"https:\/\/diocese-aveiro.pt\/emrc\/wp-json\/wp\/v2\/pages\/747\/revisions\/1533"}],"up":[{"embeddable":true,"href":"https:\/\/diocese-aveiro.pt\/emrc\/wp-json\/wp\/v2\/pages\/743"}],"wp:featuredmedia":[{"embeddable":true,"href":"https:\/\/diocese-aveiro.pt\/emrc\/wp-json\/wp\/v2\/media\/744"}],"wp:attachment":[{"href":"https:\/\/diocese-aveiro.pt\/emrc\/wp-json\/wp\/v2\/media?parent=747"}],"curies":[{"name":"wp","href":"https:\/\/api.w.org\/{rel}","templated":true}]}}