{"id":459,"date":"2017-10-11T10:50:23","date_gmt":"2017-10-11T10:50:23","guid":{"rendered":"https:\/\/diocese-aveiro.pt\/emrc\/?page_id=459"},"modified":"2017-10-11T11:14:16","modified_gmt":"2017-10-11T11:14:16","slug":"plano-anual-20172018","status":"publish","type":"page","link":"https:\/\/diocese-aveiro.pt\/emrc\/dpe\/plano-anual-do-dpe\/plano-anual-20172018\/","title":{"rendered":"Plano anual 2017\/2018"},"content":{"rendered":"<div class=\"entry-content\">\n<h2 style=\"text-align: center;\"><span style=\"color: #0000ff;\">Programa\u00e7\u00e3o para o ano 2017\/2018<\/span><\/h2>\n<h2 style=\"text-align: center;\"><span style=\"color: #0000ff;\">Tema: vive na caridade a alegria da miseric\u00f3rdia<\/span><\/h2>\n<p>&nbsp;<\/p>\n<h1 style=\"text-align: center;\"><span style=\"color: #0000ff;\">Lema: \u201cDai-lhes V\u00f3s mesmos de comer.\u201d(Mc 6, 37)<\/span><\/h1>\n<h2><\/h2>\n<p><a href=\"https:\/\/diocese-aveiro.pt\/emrc\/wp-content\/uploads\/2017\/10\/madre-teresa.jpg\"><img fetchpriority=\"high\" decoding=\"async\" class=\"wp-image-460 aligncenter\" src=\"https:\/\/diocese-aveiro.pt\/emrc\/wp-content\/uploads\/2017\/10\/madre-teresa.jpg\" alt=\"\" width=\"603\" height=\"302\" srcset=\"https:\/\/diocese-aveiro.pt\/emrc\/wp-content\/uploads\/2017\/10\/madre-teresa.jpg 999w, https:\/\/diocese-aveiro.pt\/emrc\/wp-content\/uploads\/2017\/10\/madre-teresa-300x150.jpg 300w, https:\/\/diocese-aveiro.pt\/emrc\/wp-content\/uploads\/2017\/10\/madre-teresa-768x384.jpg 768w\" sizes=\"(max-width: 603px) 100vw, 603px\" \/><\/a><\/p>\n<\/div>\n<p>&nbsp;<\/p>\n<p>&nbsp;<\/p>\n<p><strong>Atividade:<\/strong> Encontro de docentes de EMRC de in\u00edcio do ano letivo<\/p>\n<p>(Com a presen\u00e7a do nosso Bispo)<\/p>\n<p><strong>Data:<\/strong> 30 setembro de 2017<\/p>\n<p><strong>Local:<\/strong> Semin\u00e1rio Sta. Joana Princesa (Aveiro)<\/p>\n<p>&nbsp;<\/p>\n<p>#<\/p>\n<p>&nbsp;<\/p>\n<p><strong>Atividade<\/strong>: Jornadas de Estudos: Para uma Pastoral de Caridade<\/p>\n<p><strong>Data:<\/strong> 05 outubro de 2017<\/p>\n<p><strong>Observa\u00e7\u00f5es:<\/strong> Todos os agentes de Pastoral<\/p>\n<p><strong>Local:<\/strong> Semin\u00e1rio Sta. Joana Princesa (Aveiro)<\/p>\n<p>&nbsp;<\/p>\n<p>#<\/p>\n<p>&nbsp;<\/p>\n<p><strong>Atividade:<\/strong> Semana Nacional da Educa\u00e7\u00e3o Crist\u00e3<\/p>\n<p><strong>Data:<\/strong> 29 de outubro a 5 de novembro de 2017<\/p>\n<p><strong>Organiza:<\/strong> SNEC\/DPE<\/p>\n<p><strong>Tema:<\/strong> \u201cA alegria do encontro com Cristo\u201d.<\/p>\n<p><strong>Atividade:<\/strong> Jornadas Arciprestais:\u201cLeitura Crente da Realidade e a Pastoral da Caridade\u201d<\/p>\n<p><strong>Data:<\/strong> 25 de Novembro 2017<\/p>\n<p>&nbsp;<\/p>\n<p>#<\/p>\n<p>&nbsp;<\/p>\n<p><strong>Atividade:<\/strong> Jornada Nacional da Escola Cat\u00f3lica<\/p>\n<p><strong>Data:<\/strong> 25 de Novembro 2017<\/p>\n<p><strong>Organiza\u00e7\u00e3o:<\/strong> APEC com o apoio do SNEC<\/p>\n<p><strong>Local:<\/strong> Lisboa<\/p>\n<p>&nbsp;<\/p>\n<p>#<\/p>\n<p>&nbsp;<\/p>\n<p><strong>Atividade:<\/strong> 10 Milh\u00f5es de Estrelas \u2013 Um gesto pela Paz 2018<\/p>\n<p><strong>Data:<\/strong> Tempo de Advento e Natal<\/p>\n<p>Em parceria com a C\u00e1ritas Diocesana<\/p>\n<p>&nbsp;<\/p>\n<p>#<\/p>\n<p>&nbsp;<\/p>\n<p><strong>Atividade:<\/strong> Encontro com os Participantes na Viagem a Taiz\u00e9<\/p>\n<p><strong>Data:<\/strong> 5 janeiro de 2018<\/p>\n<p><strong>Organiza:<\/strong> DPE<\/p>\n<p><strong>Observa\u00e7\u00f5es:<\/strong> Alunos de EMRC do Ensino Secund\u00e1rio, Professores participantes e Antigos alunos de EMRC.<\/p>\n<p><strong>Local:<\/strong> Semin\u00e1rio Sta. Joana Princesa (Aveiro)<\/p>\n<p>&nbsp;<\/p>\n<p>#<\/p>\n<p>&nbsp;<\/p>\n<p><strong>Atividade:<\/strong> Forma\u00e7\u00e3o para Professores da Escola Cat\u00f3lica<\/p>\n<p><strong>Data:<\/strong> 20 de janeiro de 2018<\/p>\n<p><strong>Local:<\/strong> F\u00e1tima<\/p>\n<p><strong>Organiza\u00e7\u00e3o:<\/strong> Departamento da Escola Cat\u00f3lica<\/p>\n<p>&nbsp;<\/p>\n<p>#<\/p>\n<p>&nbsp;<\/p>\n<p><strong>Atividade:<\/strong> Forma\u00e7\u00e3o para Docentes de EMRC<\/p>\n<p><strong>Data:<\/strong> 27 janeiro 2018<\/p>\n<p><strong>Local:<\/strong> Viseu<\/p>\n<p><strong>Observa\u00e7\u00f5es:<\/strong> Em conjunto com as Dioceses de Viseu, Guarda e Lamego<\/p>\n<p>&nbsp;<\/p>\n<p>#<\/p>\n<p>&nbsp;<\/p>\n<p><strong>Atividade:<\/strong> Forma\u00e7\u00e3o sobre Doutrina Social da Igreja<\/p>\n<p><strong>Data:<\/strong> 3 fevereiro de 2018<\/p>\n<p><strong>Organiza\u00e7\u00e3o:<\/strong> Arciprestados<\/p>\n<p>&nbsp;<\/p>\n<p>#<\/p>\n<p>&nbsp;<\/p>\n<p><strong>Atividade:<\/strong> Encontros interdiocesanos de partilha de \u201cousadias\u201d<\/p>\n<p><strong>Data:<\/strong> 03 de fevereiro de 2018<\/p>\n<p><strong>Tema:<\/strong> Como \u00e9 que a Escola Cat\u00f3lica anuncia o Cristo VIVO?<\/p>\n<p><strong>Local:<\/strong> Col\u00e9gio de Calv\u00e3o<\/p>\n<p><strong>Organiza:<\/strong> Escola Cat\u00f3lica<\/p>\n<p><strong>Destinat\u00e1rios:<\/strong> Aveiro; Guarda; Lamego; Vila Real; Viseu<\/p>\n<p>&nbsp;<\/p>\n<p>#<\/p>\n<p>&nbsp;<\/p>\n<p><strong>Atividade:<\/strong> Viagem a Taiz\u00e9<\/p>\n<p><strong>Data:<\/strong> 10 a 18 de fevereiro de 2018<\/p>\n<p><strong>Organiza:<\/strong> DPE<\/p>\n<p><strong>Destinat\u00e1rios:<\/strong> Alunos de EMRC do Ensino Secund\u00e1rio da Diocese de Aveiro<\/p>\n<p>&nbsp;<\/p>\n<p>#<\/p>\n<p>&nbsp;<\/p>\n<p><strong>Atividade:<\/strong> Retiro\/forma\u00e7\u00e3o para docentes de EMRC<\/p>\n<p><strong>Data:<\/strong> 10 de Mar\u00e7o de 2018<\/p>\n<p><strong>Tema:<\/strong> \u201cQuem \u00e9 o meu pr\u00f3ximo?\u201d<\/p>\n<p>\u201cQue rosto tem o meu pr\u00f3ximo?\u201d<\/p>\n<p>\u201cQuem \u00e9 Jesus Cristo, rosto de amor?\u201d<\/p>\n<p><strong>Orador:<\/strong> Pe. Jo\u00e3o Gon\u00e7alves<\/p>\n<p><strong>Local:<\/strong> Semin\u00e1rio Sta. Joana Princesa (Aveiro)<\/p>\n<p>&nbsp;<\/p>\n<p>#<\/p>\n<p>&nbsp;<\/p>\n<p><strong>Atividade:<\/strong> 24 horas para o Senhor<\/p>\n<p><strong>Data:<\/strong> 9 e 10 de Mar\u00e7o de 2018<\/p>\n<p><strong>Organiza\u00e7\u00e3o:<\/strong> Arciprestal<\/p>\n<p>&nbsp;<\/p>\n<p>#<\/p>\n<p>&nbsp;<\/p>\n<p><strong>Atividade:<\/strong> Semana Nacional da Disciplina de EMRC<\/p>\n<p><strong>Data:<\/strong> 19 a 23 de mar\u00e7o de 2018<\/p>\n<p><strong>Organiza\u00e7\u00e3o:<\/strong> SNEC\/DPE<\/p>\n<p>&nbsp;<\/p>\n<p>#<\/p>\n<p>&nbsp;<\/p>\n<p><strong>Atividade:<\/strong> Dia Mundial da Juventude<\/p>\n<p><strong>Data:<\/strong> 23 a 25 de mar\u00e7o de 2018<\/p>\n<p><strong>Organiza\u00e7\u00e3o:<\/strong> Departamento Pastoral da Juventude<\/p>\n<p>&nbsp;<\/p>\n<p>#<\/p>\n<p>&nbsp;<\/p>\n<p><strong>Atividade:<\/strong> VIII Encontro Nacional de EMRC do Ensino Secund\u00e1rio<\/p>\n<p><strong>Data:<\/strong> 13, 14 abril 2018<\/p>\n<p><strong>Organiza:<\/strong> SNEC<\/p>\n<p><strong>Local:<\/strong><\/p>\n<p>&nbsp;<\/p>\n<p>#<\/p>\n<p>&nbsp;<\/p>\n<p><strong>Atividade:<\/strong> F\u00e1tima Jovem<\/p>\n<p><strong>Data:<\/strong> 6 maio 2018<\/p>\n<p>Em parceria com a Pastoral Juvenil<\/p>\n<p><strong>Organiza:<\/strong> SNEC<\/p>\n<p><strong>Local:<\/strong> F\u00e1tima<\/p>\n<p>&nbsp;<\/p>\n<p>#<\/p>\n<p>&nbsp;<\/p>\n<p><strong>Atividade:<\/strong> Dia de Santa Joana<\/p>\n<p><strong>Data:<\/strong> 12 maio 2018<\/p>\n<p><strong>Organiza\u00e7\u00e3o:<\/strong> Diocese<\/p>\n<p>&nbsp;<\/p>\n<p>#<\/p>\n<p>&nbsp;<\/p>\n<p><strong>Atividade:<\/strong> Encontro \/ forma\u00e7\u00e3o de Docentes de EMRC Aveiro<\/p>\n<p><strong>Data:<\/strong> 19 maio de 2018<\/p>\n<p><strong>Local:<\/strong> Semin\u00e1rio Sta. Joana Princesa (Aveiro)<\/p>\n<p>&nbsp;<\/p>\n<p>#<\/p>\n<p>&nbsp;<\/p>\n<p><strong>Atividade:<\/strong> XVIII Interescolas Nacional de Alunos de EMRC do 1\u00ba ciclo.<\/p>\n<p><strong>Data:<\/strong> 25 de maio de 2018<\/p>\n<p><strong>Local:<\/strong> F\u00e1tima<\/p>\n<p><strong>Organiza:<\/strong> SNEC<\/p>\n<p>&nbsp;<\/p>\n<p>#<\/p>\n<p>&nbsp;<\/p>\n<p><strong>Atividade:<\/strong> XVII Interescolas diocesano de EMRC<\/p>\n<p><strong>Data:<\/strong> 29 de maio de 2018<\/p>\n<p><strong>Local:<\/strong> Vagos<\/p>\n<p>&nbsp;<\/p>\n<p>#<\/p>\n<p>&nbsp;<\/p>\n<p><strong>Atividade:<\/strong> Congresso Eucar\u00edstico \u2013 Corpo de Deus<\/p>\n<p><strong>Data:<\/strong> 31 maio de 2018<\/p>\n<p><strong>Organiza\u00e7\u00e3o:<\/strong> Arciprestal<\/p>\n<p>&nbsp;<\/p>\n<p>#<\/p>\n<p>&nbsp;<\/p>\n<p><strong>Atividade:<\/strong> Congresso Eucar\u00edstico \u2013 Jornada de Ora\u00e7\u00e3o<\/p>\n<p><strong>Data:<\/strong> 01 junho de 2018<\/p>\n<p><strong>Organiza\u00e7\u00e3o:<\/strong> Par\u00f3quias<\/p>\n<p>&nbsp;<\/p>\n<p>#<\/p>\n<p>&nbsp;<\/p>\n<p><strong>Atividade:<\/strong> Congresso Eucar\u00edstico Diocesano<\/p>\n<p><strong>Data:<\/strong> 02 de junho de 2018<\/p>\n<p><strong>Organiza\u00e7\u00e3o:<\/strong> Diocese<\/p>\n<p>&nbsp;<\/p>\n<p>#<\/p>\n<p>&nbsp;<\/p>\n<p><strong>Atividade:<\/strong> Dia da Igreja Diocesana \/ Encerramento do Congresso Eucar\u00edstico<\/p>\n<p><strong>Data:<\/strong> 03 junho de 2018<\/p>\n<p><strong>Organiza\u00e7\u00e3o:<\/strong> Diocese<\/p>\n<p>&nbsp;<\/p>\n<p>#<\/p>\n<p>&nbsp;<\/p>\n<p><strong>Atividade:<\/strong> Conv\u00edvio de docentes de EMRC<\/p>\n<p><strong>Data:<\/strong> 30 de junho<\/p>\n<p><strong>Organiza\u00e7\u00e3o:<\/strong> Arciprestado de Aveiro<\/p>\n<p>&nbsp;<\/p>\n<p>#<\/p>\n<p>&nbsp;<\/p>\n<p><strong>Atividade:<\/strong> \u201cD\u00e1-me a tua m\u00e3o\u201dCampanha de solidariedade para as miss\u00f5es \/ Grupos carenciados locais<\/p>\n<p><strong>Data:<\/strong> Todo o ano<\/p>\n<p><strong>Organiza:<\/strong> DPE<\/p>\n<p><strong>Parcerias:<\/strong> SDAM, outros Institutos Mission\u00e1rios e C\u00e1ritas Diocesana.<\/p>\n<p><a href=\"https:\/\/diocese-aveiro.pt\/emrc\/wp-content\/uploads\/2017\/03\/SDEC_DPE.jpg\"><img decoding=\"async\" class=\"wp-image-6 alignright\" src=\"https:\/\/diocese-aveiro.pt\/emrc\/wp-content\/uploads\/2017\/03\/SDEC_DPE.jpg\" alt=\"\" width=\"242\" height=\"297\" srcset=\"https:\/\/diocese-aveiro.pt\/emrc\/wp-content\/uploads\/2017\/03\/SDEC_DPE.jpg 1432w, https:\/\/diocese-aveiro.pt\/emrc\/wp-content\/uploads\/2017\/03\/SDEC_DPE-245x300.jpg 245w, https:\/\/diocese-aveiro.pt\/emrc\/wp-content\/uploads\/2017\/03\/SDEC_DPE-768x942.jpg 768w, https:\/\/diocese-aveiro.pt\/emrc\/wp-content\/uploads\/2017\/03\/SDEC_DPE-835x1024.jpg 835w\" sizes=\"(max-width: 242px) 100vw, 242px\" \/><\/a><\/p>\n<p>&nbsp;<\/p>\n<p>Podes aceder \u00e0 vers\u00e3o em formato digital, clicando aqui\u2026<\/p>\n<p><a href=\"https:\/\/diocese-aveiro.pt\/emrc\/wp-content\/uploads\/2017\/10\/Plano-DPE-2017-2018.pdf\">Plano DPE 2017 &#8211; 2018<\/a><\/p>\n<p>&nbsp;<\/p>\n<p>&nbsp;<\/p>\n<p>&nbsp;<\/p>\n<p>&nbsp;<\/p>\n","protected":false},"excerpt":{"rendered":"<p>Programa\u00e7\u00e3o para o ano 2017\/2018 Tema: vive na caridade a alegria da miseric\u00f3rdia &nbsp; Lema: \u201cDai-lhes V\u00f3s mesmos de comer.\u201d(Mc 6, 37) &nbsp; &nbsp; Atividade: Encontro de docentes de EMRC de in\u00edcio do ano letivo (Com a presen\u00e7a do nosso Bispo) Data: 30 setembro de 2017 Local: Semin\u00e1rio Sta. Joana Princesa (Aveiro) &nbsp; # &nbsp; Atividade: Jornadas de Estudos: Para [&hellip;]<\/p>\n","protected":false},"author":1,"featured_media":466,"parent":457,"menu_order":0,"comment_status":"closed","ping_status":"closed","template":"","meta":{"footnotes":""},"_links":{"self":[{"href":"https:\/\/diocese-aveiro.pt\/emrc\/wp-json\/wp\/v2\/pages\/459"}],"collection":[{"href":"https:\/\/diocese-aveiro.pt\/emrc\/wp-json\/wp\/v2\/pages"}],"about":[{"href":"https:\/\/diocese-aveiro.pt\/emrc\/wp-json\/wp\/v2\/types\/page"}],"author":[{"embeddable":true,"href":"https:\/\/diocese-aveiro.pt\/emrc\/wp-json\/wp\/v2\/users\/1"}],"replies":[{"embeddable":true,"href":"https:\/\/diocese-aveiro.pt\/emrc\/wp-json\/wp\/v2\/comments?post=459"}],"version-history":[{"count":7,"href":"https:\/\/diocese-aveiro.pt\/emrc\/wp-json\/wp\/v2\/pages\/459\/revisions"}],"predecessor-version":[{"id":471,"href":"https:\/\/diocese-aveiro.pt\/emrc\/wp-json\/wp\/v2\/pages\/459\/revisions\/471"}],"up":[{"embeddable":true,"href":"https:\/\/diocese-aveiro.pt\/emrc\/wp-json\/wp\/v2\/pages\/457"}],"wp:featuredmedia":[{"embeddable":true,"href":"https:\/\/diocese-aveiro.pt\/emrc\/wp-json\/wp\/v2\/media\/466"}],"wp:attachment":[{"href":"https:\/\/diocese-aveiro.pt\/emrc\/wp-json\/wp\/v2\/media?parent=459"}],"curies":[{"name":"wp","href":"https:\/\/api.w.org\/{rel}","templated":true}]}}