{"id":268,"date":"2017-05-08T16:52:28","date_gmt":"2017-05-08T16:52:28","guid":{"rendered":"https:\/\/diocese-aveiro.pt\/emrc\/?page_id=268"},"modified":"2025-05-13T12:49:09","modified_gmt":"2025-05-13T11:49:09","slug":"secundario","status":"publish","type":"page","link":"https:\/\/diocese-aveiro.pt\/emrc\/manuais-escolares\/secundario\/","title":{"rendered":"Secund\u00e1rio"},"content":{"rendered":"<p>O Ensino Secund\u00e1rio apresenta 10 Unidades Letivas no total para serem trabalhadas durante todo o secund\u00e1rio.<\/p>\n<p>&nbsp;<\/p>\n<h2 style=\"text-align: center;\">Unidade Letiva 1<\/h2>\n<p style=\"text-align: center;\">(Vers\u00e3o 2021)<\/p>\n<p style=\"text-align: center;\"><img fetchpriority=\"high\" decoding=\"async\" class=\"alignnone wp-image-1537 size-medium\" src=\"https:\/\/diocese-aveiro.pt\/emrc\/wp-content\/uploads\/2023\/07\/img20230712_12573861_2-211x300.png\" alt=\"\" width=\"211\" height=\"300\" srcset=\"https:\/\/diocese-aveiro.pt\/emrc\/wp-content\/uploads\/2023\/07\/img20230712_12573861_2-211x300.png 211w, https:\/\/diocese-aveiro.pt\/emrc\/wp-content\/uploads\/2023\/07\/img20230712_12573861_2-719x1024.png 719w, https:\/\/diocese-aveiro.pt\/emrc\/wp-content\/uploads\/2023\/07\/img20230712_12573861_2-768x1094.png 768w, https:\/\/diocese-aveiro.pt\/emrc\/wp-content\/uploads\/2023\/07\/img20230712_12573861_2.png 815w\" sizes=\"(max-width: 211px) 100vw, 211px\" \/><\/p>\n<p style=\"text-align: center;\">Pol\u00edtica e \u00c9tica Crist\u00e3<\/p>\n<p style=\"text-align: center;\">ISBN: 978.989.8822.33.8<\/p>\n<h2 style=\"text-align: center;\">Unidade Letiva 2<\/h2>\n<p style=\"text-align: center;\">(Vers\u00e3o 2021)<\/p>\n<p style=\"text-align: center;\"><img decoding=\"async\" class=\"alignnone wp-image-1538 size-medium\" src=\"https:\/\/diocese-aveiro.pt\/emrc\/wp-content\/uploads\/2023\/07\/img20230712_12563740_2-211x300.png\" alt=\"\" width=\"211\" height=\"300\" srcset=\"https:\/\/diocese-aveiro.pt\/emrc\/wp-content\/uploads\/2023\/07\/img20230712_12563740_2-211x300.png 211w, https:\/\/diocese-aveiro.pt\/emrc\/wp-content\/uploads\/2023\/07\/img20230712_12563740_2-720x1024.png 720w, https:\/\/diocese-aveiro.pt\/emrc\/wp-content\/uploads\/2023\/07\/img20230712_12563740_2-768x1092.png 768w, https:\/\/diocese-aveiro.pt\/emrc\/wp-content\/uploads\/2023\/07\/img20230712_12563740_2.png 818w\" sizes=\"(max-width: 211px) 100vw, 211px\" \/><\/p>\n<p style=\"text-align: center;\">Valores e \u00c9tica do Cuidado<\/p>\n<p style=\"text-align: center;\">ISBN: 978.989.8822.34.5<\/p>\n<h2 style=\"text-align: center;\">Unidade Letiva 3<\/h2>\n<p style=\"text-align: center;\">(Vers\u00e3o 2021)<\/p>\n<p style=\"text-align: center;\"><img decoding=\"async\" class=\"alignnone wp-image-1539 size-medium\" src=\"https:\/\/diocese-aveiro.pt\/emrc\/wp-content\/uploads\/2023\/07\/img20230712_12552460_2-208x300.png\" alt=\"\" width=\"208\" height=\"300\" srcset=\"https:\/\/diocese-aveiro.pt\/emrc\/wp-content\/uploads\/2023\/07\/img20230712_12552460_2-208x300.png 208w, https:\/\/diocese-aveiro.pt\/emrc\/wp-content\/uploads\/2023\/07\/img20230712_12552460_2-710x1024.png 710w, https:\/\/diocese-aveiro.pt\/emrc\/wp-content\/uploads\/2023\/07\/img20230712_12552460_2-768x1108.png 768w, https:\/\/diocese-aveiro.pt\/emrc\/wp-content\/uploads\/2023\/07\/img20230712_12552460_2.png 807w\" sizes=\"(max-width: 208px) 100vw, 208px\" \/><\/p>\n<p style=\"text-align: center;\">Economia e Desenvolvimento Integral<\/p>\n<p style=\"text-align: center;\">ISBN: 978.989.8822.35.2<\/p>\n<h2 style=\"text-align: center;\">Unidade Letiva 4<\/h2>\n<p style=\"text-align: center;\">(Vers\u00e3o 2022)<\/p>\n<p style=\"text-align: center;\"><img loading=\"lazy\" decoding=\"async\" class=\"alignnone wp-image-1431 size-medium\" src=\"https:\/\/diocese-aveiro.pt\/emrc\/wp-content\/uploads\/2022\/06\/Ul4-212x300.jpg\" alt=\"\" width=\"212\" height=\"300\" srcset=\"https:\/\/diocese-aveiro.pt\/emrc\/wp-content\/uploads\/2022\/06\/Ul4-212x300.jpg 212w, https:\/\/diocese-aveiro.pt\/emrc\/wp-content\/uploads\/2022\/06\/Ul4-724x1024.jpg 724w, https:\/\/diocese-aveiro.pt\/emrc\/wp-content\/uploads\/2022\/06\/Ul4-768x1086.jpg 768w, https:\/\/diocese-aveiro.pt\/emrc\/wp-content\/uploads\/2022\/06\/Ul4-1086x1536.jpg 1086w, https:\/\/diocese-aveiro.pt\/emrc\/wp-content\/uploads\/2022\/06\/Ul4-1448x2048.jpg 1448w, https:\/\/diocese-aveiro.pt\/emrc\/wp-content\/uploads\/2022\/06\/Ul4.jpg 1653w\" sizes=\"(max-width: 212px) 100vw, 212px\" \/><\/p>\n<p style=\"text-align: center;\">Civiliza\u00e7\u00e3o do Amor<\/p>\n<p style=\"text-align: center;\">ISBN: 978.989.8822.43.7<\/p>\n<h2 style=\"text-align: center;\">Unidade Letiva 5<\/h2>\n<p style=\"text-align: center;\">(Vers\u00e3o 2022)<\/p>\n<p style=\"text-align: center;\"><img loading=\"lazy\" decoding=\"async\" class=\"alignnone wp-image-1433 size-medium\" src=\"https:\/\/diocese-aveiro.pt\/emrc\/wp-content\/uploads\/2022\/06\/UL5-212x300.jpg\" alt=\"\" width=\"212\" height=\"300\" srcset=\"https:\/\/diocese-aveiro.pt\/emrc\/wp-content\/uploads\/2022\/06\/UL5-212x300.jpg 212w, https:\/\/diocese-aveiro.pt\/emrc\/wp-content\/uploads\/2022\/06\/UL5-724x1024.jpg 724w, https:\/\/diocese-aveiro.pt\/emrc\/wp-content\/uploads\/2022\/06\/UL5-768x1086.jpg 768w, https:\/\/diocese-aveiro.pt\/emrc\/wp-content\/uploads\/2022\/06\/UL5-1086x1536.jpg 1086w, https:\/\/diocese-aveiro.pt\/emrc\/wp-content\/uploads\/2022\/06\/UL5-1448x2048.jpg 1448w, https:\/\/diocese-aveiro.pt\/emrc\/wp-content\/uploads\/2022\/06\/UL5.jpg 1653w\" sizes=\"(max-width: 212px) 100vw, 212px\" \/><\/p>\n<p style=\"text-align: center;\">Religi\u00e3o: Diversidade e Encontro<\/p>\n<p style=\"text-align: center;\">ISBN: 978.989.8822.47.5<\/p>\n<h2 style=\"text-align: center;\">Unidade Letiva 6<\/h2>\n<p style=\"text-align: center;\">(Vers\u00e3o 2021)<\/p>\n<p style=\"text-align: center;\"><img loading=\"lazy\" decoding=\"async\" class=\"alignnone wp-image-1540 size-medium\" src=\"https:\/\/diocese-aveiro.pt\/emrc\/wp-content\/uploads\/2023\/07\/img20230712_12540832_2-212x300.png\" alt=\"\" width=\"212\" height=\"300\" srcset=\"https:\/\/diocese-aveiro.pt\/emrc\/wp-content\/uploads\/2023\/07\/img20230712_12540832_2-212x300.png 212w, https:\/\/diocese-aveiro.pt\/emrc\/wp-content\/uploads\/2023\/07\/img20230712_12540832_2-724x1024.png 724w, https:\/\/diocese-aveiro.pt\/emrc\/wp-content\/uploads\/2023\/07\/img20230712_12540832_2-768x1086.png 768w, https:\/\/diocese-aveiro.pt\/emrc\/wp-content\/uploads\/2023\/07\/img20230712_12540832_2.png 827w\" sizes=\"(max-width: 212px) 100vw, 212px\" \/><\/p>\n<p style=\"text-align: center;\">Vida com Sentido<\/p>\n<p style=\"text-align: center;\">ISBN: 978.989.8822.36.9<\/p>\n<h2 style=\"text-align: center;\">Unidade Letiva 7<\/h2>\n<p style=\"text-align: center;\">(Vers\u00e3o 2022)<\/p>\n<p style=\"text-align: center;\"><img loading=\"lazy\" decoding=\"async\" class=\"alignnone wp-image-1432 size-medium\" src=\"https:\/\/diocese-aveiro.pt\/emrc\/wp-content\/uploads\/2022\/06\/UL7-212x300.jpg\" alt=\"\" width=\"212\" height=\"300\" srcset=\"https:\/\/diocese-aveiro.pt\/emrc\/wp-content\/uploads\/2022\/06\/UL7-212x300.jpg 212w, https:\/\/diocese-aveiro.pt\/emrc\/wp-content\/uploads\/2022\/06\/UL7-724x1024.jpg 724w, https:\/\/diocese-aveiro.pt\/emrc\/wp-content\/uploads\/2022\/06\/UL7-768x1086.jpg 768w, https:\/\/diocese-aveiro.pt\/emrc\/wp-content\/uploads\/2022\/06\/UL7-1086x1536.jpg 1086w, https:\/\/diocese-aveiro.pt\/emrc\/wp-content\/uploads\/2022\/06\/UL7-1448x2048.jpg 1448w, https:\/\/diocese-aveiro.pt\/emrc\/wp-content\/uploads\/2022\/06\/UL7.jpg 1653w\" sizes=\"(max-width: 212px) 100vw, 212px\" \/><\/p>\n<p style=\"text-align: center;\">Ci\u00eancia(s) e Religi\u00e3o<\/p>\n<p style=\"text-align: center;\">ISBN: 978.989.8822.44.4<\/p>\n<h2 style=\"text-align: center;\">Unidade Letiva 8<\/h2>\n<p style=\"text-align: center;\">(Vers\u00e3o 2023)<\/p>\n<p style=\"text-align: center;\"><img loading=\"lazy\" decoding=\"async\" class=\"alignnone wp-image-1520 size-medium\" src=\"https:\/\/diocese-aveiro.pt\/emrc\/wp-content\/uploads\/2023\/05\/A-Igreja_UL8-213x300.jpg\" alt=\"\" width=\"213\" height=\"300\" srcset=\"https:\/\/diocese-aveiro.pt\/emrc\/wp-content\/uploads\/2023\/05\/A-Igreja_UL8-213x300.jpg 213w, https:\/\/diocese-aveiro.pt\/emrc\/wp-content\/uploads\/2023\/05\/A-Igreja_UL8-728x1024.jpg 728w, https:\/\/diocese-aveiro.pt\/emrc\/wp-content\/uploads\/2023\/05\/A-Igreja_UL8-768x1080.jpg 768w, https:\/\/diocese-aveiro.pt\/emrc\/wp-content\/uploads\/2023\/05\/A-Igreja_UL8-1092x1536.jpg 1092w, https:\/\/diocese-aveiro.pt\/emrc\/wp-content\/uploads\/2023\/05\/A-Igreja_UL8-1456x2048.jpg 1456w, https:\/\/diocese-aveiro.pt\/emrc\/wp-content\/uploads\/2023\/05\/A-Igreja_UL8.jpg 1645w\" sizes=\"(max-width: 213px) 100vw, 213px\" \/><\/p>\n<p style=\"text-align: center;\">Igreja: Comunidade de Amor e de Servi\u00e7o<\/p>\n<p style=\"text-align: center;\">ISBN: 978-989-8822-56-7<\/p>\n<p>&nbsp;<\/p>\n<h2 style=\"text-align: center;\">Unidade Letiva 9<\/h2>\n<p style=\"text-align: center;\"><strong>(Vers\u00e3o 2023)<\/strong><\/p>\n<p style=\"text-align: center;\"><img loading=\"lazy\" decoding=\"async\" class=\"alignnone wp-image-1535\" src=\"https:\/\/diocese-aveiro.pt\/emrc\/wp-content\/uploads\/2023\/07\/img20230712_12362918_3-213x300.png\" alt=\"\" width=\"191\" height=\"269\" srcset=\"https:\/\/diocese-aveiro.pt\/emrc\/wp-content\/uploads\/2023\/07\/img20230712_12362918_3-213x300.png 213w, https:\/\/diocese-aveiro.pt\/emrc\/wp-content\/uploads\/2023\/07\/img20230712_12362918_3-729x1024.png 729w, https:\/\/diocese-aveiro.pt\/emrc\/wp-content\/uploads\/2023\/07\/img20230712_12362918_3-768x1079.png 768w, https:\/\/diocese-aveiro.pt\/emrc\/wp-content\/uploads\/2023\/07\/img20230712_12362918_3.png 824w\" sizes=\"(max-width: 191px) 100vw, 191px\" \/><\/p>\n<p style=\"text-align: center;\">Arte Crist\u00e3: Express\u00e3o da F\u00e9, Lugar da Beleza<\/p>\n<p style=\"text-align: center;\">ISBN: 978-989-8822-59-8<\/p>\n<p>&nbsp;<\/p>\n<h2 style=\"text-align: center;\">Unidade Letiva 10<\/h2>\n<p style=\"text-align: center;\">(Vers\u00e3o 2023)<\/p>\n<p style=\"text-align: center;\"><img loading=\"lazy\" decoding=\"async\" class=\"alignnone wp-image-1521 size-medium\" src=\"https:\/\/diocese-aveiro.pt\/emrc\/wp-content\/uploads\/2023\/05\/O-Amor-e-o-Amar_UL10-214x300.jpg\" alt=\"\" width=\"214\" height=\"300\" srcset=\"https:\/\/diocese-aveiro.pt\/emrc\/wp-content\/uploads\/2023\/05\/O-Amor-e-o-Amar_UL10-214x300.jpg 214w, https:\/\/diocese-aveiro.pt\/emrc\/wp-content\/uploads\/2023\/05\/O-Amor-e-o-Amar_UL10-730x1024.jpg 730w, https:\/\/diocese-aveiro.pt\/emrc\/wp-content\/uploads\/2023\/05\/O-Amor-e-o-Amar_UL10-768x1078.jpg 768w, https:\/\/diocese-aveiro.pt\/emrc\/wp-content\/uploads\/2023\/05\/O-Amor-e-o-Amar_UL10-1095x1536.jpg 1095w, https:\/\/diocese-aveiro.pt\/emrc\/wp-content\/uploads\/2023\/05\/O-Amor-e-o-Amar_UL10-1459x2048.jpg 1459w, https:\/\/diocese-aveiro.pt\/emrc\/wp-content\/uploads\/2023\/05\/O-Amor-e-o-Amar_UL10.jpg 1649w\" sizes=\"(max-width: 214px) 100vw, 214px\" \/><\/p>\n<p style=\"text-align: center;\">O Amor e o Amar<\/p>\n<p style=\"text-align: center;\">ISBN: 978-989-8822-57-4<\/p>\n<p>&nbsp;<\/p>\n<h2 style=\"text-align: center;\"><span style=\"color: #3366ff;\"><strong>Ensino Profissional<\/strong><\/span><\/h2>\n<p style=\"text-align: center;\">M\u00f3dulo 1<\/p>\n<p style=\"text-align: center;\"><a href=\"https:\/\/diocese-aveiro.pt\/emrc\/wp-content\/uploads\/2025\/05\/Mod_Profissional-scaled.jpg\"><img loading=\"lazy\" decoding=\"async\" class=\"alignnone size-medium wp-image-1769\" src=\"https:\/\/diocese-aveiro.pt\/emrc\/wp-content\/uploads\/2025\/05\/Mod_Profissional-206x300.jpg\" alt=\"\" width=\"206\" height=\"300\" srcset=\"https:\/\/diocese-aveiro.pt\/emrc\/wp-content\/uploads\/2025\/05\/Mod_Profissional-206x300.jpg 206w, https:\/\/diocese-aveiro.pt\/emrc\/wp-content\/uploads\/2025\/05\/Mod_Profissional-704x1024.jpg 704w, https:\/\/diocese-aveiro.pt\/emrc\/wp-content\/uploads\/2025\/05\/Mod_Profissional-768x1117.jpg 768w, https:\/\/diocese-aveiro.pt\/emrc\/wp-content\/uploads\/2025\/05\/Mod_Profissional-1056x1536.jpg 1056w, https:\/\/diocese-aveiro.pt\/emrc\/wp-content\/uploads\/2025\/05\/Mod_Profissional-1408x2048.jpg 1408w, https:\/\/diocese-aveiro.pt\/emrc\/wp-content\/uploads\/2025\/05\/Mod_Profissional-scaled.jpg 1760w\" sizes=\"(max-width: 206px) 100vw, 206px\" \/><\/a><\/p>\n<p style=\"text-align: center;\">Ser + Descobre!<\/p>\n<p style=\"text-align: center;\">ISBN: 978-989-8822-89-5<\/p>\n<p>&nbsp;<\/p>\n<p>&nbsp;<\/p>\n","protected":false},"excerpt":{"rendered":"<p>O Ensino Secund\u00e1rio apresenta 10 Unidades Letivas no total para serem trabalhadas durante todo o secund\u00e1rio. &nbsp; Unidade Letiva 1 (Vers\u00e3o 2021) Pol\u00edtica e \u00c9tica Crist\u00e3 ISBN: 978.989.8822.33.8 Unidade Letiva 2 (Vers\u00e3o 2021) Valores e \u00c9tica do Cuidado ISBN: 978.989.8822.34.5 Unidade Letiva 3 (Vers\u00e3o 2021) Economia e Desenvolvimento Integral ISBN: 978.989.8822.35.2 Unidade Letiva 4 (Vers\u00e3o 2022) Civiliza\u00e7\u00e3o do Amor ISBN: [&hellip;]<\/p>\n","protected":false},"author":1,"featured_media":0,"parent":84,"menu_order":0,"comment_status":"closed","ping_status":"closed","template":"","meta":{"footnotes":""},"_links":{"self":[{"href":"https:\/\/diocese-aveiro.pt\/emrc\/wp-json\/wp\/v2\/pages\/268"}],"collection":[{"href":"https:\/\/diocese-aveiro.pt\/emrc\/wp-json\/wp\/v2\/pages"}],"about":[{"href":"https:\/\/diocese-aveiro.pt\/emrc\/wp-json\/wp\/v2\/types\/page"}],"author":[{"embeddable":true,"href":"https:\/\/diocese-aveiro.pt\/emrc\/wp-json\/wp\/v2\/users\/1"}],"replies":[{"embeddable":true,"href":"https:\/\/diocese-aveiro.pt\/emrc\/wp-json\/wp\/v2\/comments?post=268"}],"version-history":[{"count":10,"href":"https:\/\/diocese-aveiro.pt\/emrc\/wp-json\/wp\/v2\/pages\/268\/revisions"}],"predecessor-version":[{"id":1771,"href":"https:\/\/diocese-aveiro.pt\/emrc\/wp-json\/wp\/v2\/pages\/268\/revisions\/1771"}],"up":[{"embeddable":true,"href":"https:\/\/diocese-aveiro.pt\/emrc\/wp-json\/wp\/v2\/pages\/84"}],"wp:attachment":[{"href":"https:\/\/diocese-aveiro.pt\/emrc\/wp-json\/wp\/v2\/media?parent=268"}],"curies":[{"name":"wp","href":"https:\/\/api.w.org\/{rel}","templated":true}]}}