{"id":23,"date":"2017-03-21T17:04:28","date_gmt":"2017-03-21T17:04:28","guid":{"rendered":"https:\/\/diocese-aveiro.pt\/emrc\/?page_id=23"},"modified":"2017-10-09T16:07:29","modified_gmt":"2017-10-09T16:07:29","slug":"plano-dpe-20162017","status":"publish","type":"page","link":"https:\/\/diocese-aveiro.pt\/emrc\/dpe\/plano-anual-do-dpe\/plano-dpe-20162017\/","title":{"rendered":"Plano anual 2016\/2017"},"content":{"rendered":"<h2 style=\"text-align: center;\"><span style=\"color: #0000ff;\">Programa\u00e7\u00e3o para o ano 2016\/2017<\/span><\/h2>\n<h2 style=\"text-align: center;\"><span style=\"color: #0000ff;\">Tema: Caminhar com Maria, M\u00e3e da Esperan\u00e7a&#8230;<\/span><\/h2>\n<p><!--more--><\/p>\n<p>&nbsp;<\/p>\n<p><strong><img fetchpriority=\"high\" decoding=\"async\" class=\"size-medium wp-image-7 alignright\" src=\"https:\/\/diocese-aveiro.pt\/emrc\/wp-content\/uploads\/2017\/03\/cropped-SDEC_DPE-300x300.jpg\" alt=\"\" width=\"300\" height=\"300\" srcset=\"https:\/\/diocese-aveiro.pt\/emrc\/wp-content\/uploads\/2017\/03\/cropped-SDEC_DPE-300x300.jpg 300w, https:\/\/diocese-aveiro.pt\/emrc\/wp-content\/uploads\/2017\/03\/cropped-SDEC_DPE-150x150.jpg 150w, https:\/\/diocese-aveiro.pt\/emrc\/wp-content\/uploads\/2017\/03\/cropped-SDEC_DPE-270x270.jpg 270w, https:\/\/diocese-aveiro.pt\/emrc\/wp-content\/uploads\/2017\/03\/cropped-SDEC_DPE-192x192.jpg 192w, https:\/\/diocese-aveiro.pt\/emrc\/wp-content\/uploads\/2017\/03\/cropped-SDEC_DPE-180x180.jpg 180w, https:\/\/diocese-aveiro.pt\/emrc\/wp-content\/uploads\/2017\/03\/cropped-SDEC_DPE-32x32.jpg 32w, https:\/\/diocese-aveiro.pt\/emrc\/wp-content\/uploads\/2017\/03\/cropped-SDEC_DPE.jpg 512w\" sizes=\"(max-width: 300px) 100vw, 300px\" \/>Atividade:\u00a0<\/strong>Encontro de docentes de EMRC de in\u00edcio do ano letivo<\/p>\n<p><strong>Data:\u00a0<\/strong>15 de outubro 2016<\/p>\n<p><strong>Local:\u00a0<\/strong>Casa Diocesana<\/p>\n<p>&nbsp;<\/p>\n<p><strong>\u2260<\/strong><\/p>\n<p>&nbsp;<\/p>\n<p><strong>Atividade:\u00a0<\/strong>Semana Nacional da Educa\u00e7\u00e3o Crist\u00e3<\/p>\n<p><strong>Data:\u00a0<\/strong>21 a 30 de outubro de 2016<\/p>\n<p><strong>Observa\u00e7\u00f5es:\u00a0<\/strong>Nota da CEECDF: \u201c<strong>Educar \u2013 Propor o caminho para uma vida plena\u201d.<\/strong><\/p>\n<p>&nbsp;<\/p>\n<p><strong>\u2260<\/strong><\/p>\n<p>&nbsp;<\/p>\n<p><strong>Atividade:\u00a0<\/strong>III Peregrina\u00e7\u00e3o nacional da Escola Cat\u00f3lica<\/p>\n<p><strong>Data:\u00a0<\/strong>21 de outubro de 2016<\/p>\n<p><strong>Local:\u00a0<\/strong>F\u00c1TIMA<\/p>\n<p><strong>\u00a0<\/strong><\/p>\n<p><strong>\u2260<\/strong><\/p>\n<p>&nbsp;<\/p>\n<p><strong>Atividade:\u00a0<\/strong>Forma\u00e7\u00e3o para equipas de pastoral e professores em geral<\/p>\n<p>Tema:\u00a0\u201dA interioridade como paradigma educativo\u201d<strong>.<\/strong><\/p>\n<p><strong>Data:\u00a0<\/strong>19 de Novembro de 2016<\/p>\n<p><strong>Local:\u00a0<\/strong>F\u00e1tima<\/p>\n<p>Organiza\u00e7\u00e3o: Escola Cat\u00f3lica<\/p>\n<p><strong>Formadora<\/strong>:\u00a0Dr\u00aa\u00a0Elena Andr\u00e9s<\/p>\n<p><strong>\u00a0<\/strong><\/p>\n<p><strong>\u2260<\/strong><\/p>\n<p>&nbsp;<\/p>\n<p><strong>Atividade:\u00a0<\/strong>Encerramento do Ano Jubilar da Miseric\u00f3rdia<\/p>\n<p><strong>Data:\u00a0<\/strong>20 de novembro 2016<\/p>\n<p><strong>Local:\u00a0<\/strong>Diocese de Aveiro<\/p>\n<p>&nbsp;<\/p>\n<p><strong>\u2260<\/strong><\/p>\n<p>&nbsp;<\/p>\n<p><strong>Atividade:\u00a0<\/strong>Retiro dos educadores crist\u00e3os<\/p>\n<p>Orientador: D. Ant\u00f3nio Moiteiro<\/p>\n<p><strong>Data:\u00a0<\/strong>26 e 27 Novembro 2016<\/p>\n<p><strong>Local:\u00a0<\/strong>Local: Casa Diocesana<\/p>\n<p>&nbsp;<\/p>\n<p>&nbsp;<\/p>\n<p><strong>\u2260<\/strong><\/p>\n<p>&nbsp;<\/p>\n<p><strong>Atividade:\u00a0<\/strong>10 Milh\u00f5es de Estrelas \u2013 Um gesto pela Paz 2016<\/p>\n<p><strong>Data:\u00a0<\/strong>Tempo de Advento e Natal<\/p>\n<p><strong>Observa\u00e7\u00f5es:\u00a0<\/strong>Em parceria com a Caritas Diocesana<\/p>\n<p>&nbsp;<\/p>\n<p><strong>\u2260<\/strong><\/p>\n<p>&nbsp;<\/p>\n<p><strong>Atividade:\u00a0<\/strong>Jornadas locais de encontro e partilha de\u00a0<strong>\u201cousadias\u201d<\/strong><\/p>\n<p><strong>Tema: <\/strong>\u00abComo \u00e9 que o Evangelho trespassa o nosso projeto educativo?\u00bb<\/p>\n<p><strong>Data:\u00a0<\/strong>4 de fevereiro<\/p>\n<p><strong>Local:\u00a0<\/strong>Viseu<\/p>\n<p>Organiza\u00e7\u00e3o: Escola Cat\u00f3lica<\/p>\n<p>&nbsp;<\/p>\n<p><strong>\u2260<\/strong><\/p>\n<p>&nbsp;<\/p>\n<p><strong>Atividade:\u00a0<\/strong>F\u00f3rum EMRC | (nacional, creditada)<\/p>\n<p><strong>Data:\u00a0<\/strong>Lisboa: 28 e 29 janeiro 2017<\/p>\n<p>Porto: 11 e 12 fevereiro 2017<\/p>\n<p>&nbsp;<\/p>\n<p><strong>\u2260<\/strong><\/p>\n<p>&nbsp;<\/p>\n<p><strong>Atividade:\u00a0<\/strong>Encontro de Alunos do Ensino Secund\u00e1rio de EMRC em Taiz\u00e9<\/p>\n<p><strong>Data:\u00a0<\/strong>25 fevereiro a 5 de mar\u00e7o 2017<\/p>\n<p><strong>Local:\u00a0<\/strong>Taiz\u00e9 \u2013 Fran\u00e7a<\/p>\n<p>Organiza: DPE<\/p>\n<p>&nbsp;<\/p>\n<p><strong>\u2260<\/strong><\/p>\n<p>&nbsp;<\/p>\n<p><strong>Atividade:\u00a0<\/strong>Peregrina\u00e7\u00e3o Diocesana ao Santu\u00e1rio de F\u00e1tima<\/p>\n<p><strong>Data:\u00a0<\/strong>4 de mar\u00e7o de 2017<\/p>\n<p><strong>Local:\u00a0<\/strong>Diocese de Aveiro<\/p>\n<p>Local: Santu\u00e1rio de F\u00e1tima<\/p>\n<p>&nbsp;<\/p>\n<p><strong>\u2260<\/strong><\/p>\n<p>&nbsp;<\/p>\n<p><strong>Atividade:\u00a0<\/strong>Retiro\/forma\u00e7\u00e3o para Encontro de docentes de EMRC<\/p>\n<p>Tema:\u00a0\u201cF\u00e1tima: Luz que ergue a noite da Humanidade.&#8221;<\/p>\n<p><strong>Data:\u00a0<\/strong>18 de Mar\u00e7o de 2017<\/p>\n<p><strong>Local:\u00a0<\/strong>Semin\u00e1rio de Santa Joana Princesa de Aveiro<\/p>\n<p>Orientador: Ir. Marta Mendes (Alian\u00e7a de Santa Maria)<\/p>\n<p><strong>\u2260<\/strong><\/p>\n<p>&nbsp;<\/p>\n<p><strong>Atividade:\u00a0<\/strong>Retiro para alunos da escola cat\u00f3lica<\/p>\n<p><strong>Data:\u00a0<\/strong>24 e 25 de Mar\u00e7o de 2017<\/p>\n<p><strong>Local:\u00a0<\/strong>Col\u00e9gio de Calv\u00e3o<\/p>\n<p>&nbsp;<\/p>\n<p><strong>\u2260<\/strong><\/p>\n<p>&nbsp;<\/p>\n<p><strong>Atividade:\u00a0<\/strong>24 horas para o Senhor<\/p>\n<p><strong>Data:\u00a0<\/strong>24 e 25 de Mar\u00e7o de 2017<\/p>\n<p><strong>Local:\u00a0<\/strong>Organiza\u00e7\u00e3o: Arciprestal<\/p>\n<p>&nbsp;<\/p>\n<p><strong>\u2260<\/strong><\/p>\n<p>&nbsp;<\/p>\n<p><strong>Atividade:\u00a0<\/strong>Semana Nacional da Disciplina de EMRC<\/p>\n<p><strong>Data:\u00a0<\/strong>27 a 31 de mar\u00e7o 2017<\/p>\n<p><strong>Local:\u00a0<\/strong>Organiza: SNEC\/DPE<\/p>\n<p>&nbsp;<\/p>\n<p><strong>\u2260<\/strong><\/p>\n<p>&nbsp;<\/p>\n<p><strong>Atividade:\u00a0<\/strong>Dia Mundial da Juventude<\/p>\n<p><strong>Data:\u00a0<\/strong>8 de abril<\/p>\n<p><strong>Local:\u00a0<\/strong>Organiza\u00e7\u00e3o: Departamento Pastoral da Juventude<\/p>\n<p>&nbsp;<\/p>\n<p><strong>\u2260<\/strong><\/p>\n<p>&nbsp;<\/p>\n<p><strong>Atividade:\u00a0<\/strong>VII Encontro Nacional de EMRC do Ensino Secund\u00e1rio<\/p>\n<p><strong>Data:\u00a0<\/strong>21 e 22 de abril de 2017<\/p>\n<p><strong>Local:\u00a0<\/strong>Jacinto &#8211; Aveiro<\/p>\n<p>Organiza: SNEC<\/p>\n<p>&nbsp;<\/p>\n<p><strong>\u2260<\/strong><\/p>\n<p>&nbsp;<\/p>\n<p><strong>Atividade:\u00a0<\/strong>F\u00e1tima Jovem<\/p>\n<p><strong>Data:\u00a0<\/strong>6 e 7 de maio<\/p>\n<p><strong>Local:\u00a0<\/strong>F\u00e1tima<\/p>\n<p>Organiza: SNEC<\/p>\n<p>Em parceria com a Pastoral Juvenil<\/p>\n<p>&nbsp;<\/p>\n<p><strong>\u2260<\/strong><\/p>\n<p>&nbsp;<\/p>\n<p><strong>Atividade:\u00a0<\/strong>Docentes de EMRC Aveiro Encontro\/forma\u00e7\u00e3o<\/p>\n<p><strong>Data:\u00a0<\/strong>20 maio<\/p>\n<p><strong>Local:\u00a0<\/strong>Semin\u00e1rio de Santa Joana Princesa de Aveiro<\/p>\n<p>&nbsp;<\/p>\n<p><strong>\u2260<\/strong><\/p>\n<p>&nbsp;<\/p>\n<p><strong>Atividade:\u00a0<\/strong>XVII Interescolas Nacional de Alunos de EMRC do 1\u00ba ciclo<\/p>\n<p><strong>Data:\u00a0<\/strong>26 de maio de 2017<\/p>\n<p><strong>Local:\u00a0<\/strong>Local: F\u00e1tima<\/p>\n<p>Organiza: SNEC<\/p>\n<p>&nbsp;<\/p>\n<p><strong>\u2260<\/strong><\/p>\n<p>&nbsp;<\/p>\n<p>&nbsp;<\/p>\n<p><strong>Atividade:\u00a0<\/strong>XVI Interescolas diocesano<\/p>\n<p><strong>Data:\u00a0<\/strong>30 de maio de 2017<\/p>\n<p><strong>Local:\u00a0<\/strong>Albergaria-A-Velha<\/p>\n<p>&nbsp;<\/p>\n<p><strong>\u2260<\/strong><\/p>\n<p>&nbsp;<\/p>\n<p><strong>Atividade:\u00a0<\/strong>Dia da Igreja Diocesana<\/p>\n<p>\u201cA fam\u00edlia, esperan\u00e7a da Igreja Diocesana\u201d<\/p>\n<p><strong>Data:\u00a0<\/strong>25 de junho 2017<\/p>\n<p><strong>Local:\u00a0<\/strong><\/p>\n<p>&nbsp;<\/p>\n<p><strong>\u2260<\/strong><\/p>\n<p>&nbsp;<\/p>\n<p><strong>Atividade:\u00a0<\/strong>Conv\u00edvio de docentes de EMRC<\/p>\n<p><strong>Data:\u00a0<\/strong>1de julho<\/p>\n<p><strong>Local:\u00a0<\/strong><strong>Anadia<\/strong><\/p>\n<p>Organiza: ANADIA<\/p>\n<p>&nbsp;<\/p>\n<p>Podes aceder \u00e0 vers\u00e3o em formato digital, clicando aqui&#8230;<\/p>\n<p><a href=\"https:\/\/diocese-aveiro.pt\/emrc\/wp-content\/uploads\/2017\/03\/Plano-DPE-2016-2017-versao_outubro.pdf\">Plano DPE 2016 &#8211; 2017<\/a><\/p>\n","protected":false},"excerpt":{"rendered":"<p>Programa\u00e7\u00e3o para o ano 2016\/2017 Tema: Caminhar com Maria, M\u00e3e da Esperan\u00e7a&#8230;<\/p>\n","protected":false},"author":1,"featured_media":0,"parent":457,"menu_order":0,"comment_status":"closed","ping_status":"closed","template":"","meta":{"footnotes":""},"_links":{"self":[{"href":"https:\/\/diocese-aveiro.pt\/emrc\/wp-json\/wp\/v2\/pages\/23"}],"collection":[{"href":"https:\/\/diocese-aveiro.pt\/emrc\/wp-json\/wp\/v2\/pages"}],"about":[{"href":"https:\/\/diocese-aveiro.pt\/emrc\/wp-json\/wp\/v2\/types\/page"}],"author":[{"embeddable":true,"href":"https:\/\/diocese-aveiro.pt\/emrc\/wp-json\/wp\/v2\/users\/1"}],"replies":[{"embeddable":true,"href":"https:\/\/diocese-aveiro.pt\/emrc\/wp-json\/wp\/v2\/comments?post=23"}],"version-history":[{"count":12,"href":"https:\/\/diocese-aveiro.pt\/emrc\/wp-json\/wp\/v2\/pages\/23\/revisions"}],"predecessor-version":[{"id":456,"href":"https:\/\/diocese-aveiro.pt\/emrc\/wp-json\/wp\/v2\/pages\/23\/revisions\/456"}],"up":[{"embeddable":true,"href":"https:\/\/diocese-aveiro.pt\/emrc\/wp-json\/wp\/v2\/pages\/457"}],"wp:attachment":[{"href":"https:\/\/diocese-aveiro.pt\/emrc\/wp-json\/wp\/v2\/media?parent=23"}],"curies":[{"name":"wp","href":"https:\/\/api.w.org\/{rel}","templated":true}]}}