{"id":175,"date":"2022-09-16T10:31:24","date_gmt":"2022-09-16T10:31:24","guid":{"rendered":"https:\/\/diocese-aveiro.pt\/cap\/?page_id=175"},"modified":"2022-09-16T10:32:46","modified_gmt":"2022-09-16T10:32:46","slug":"sdpf-secretariado-da-pastoral-familiar","status":"publish","type":"page","link":"https:\/\/diocese-aveiro.pt\/cap\/secretariados\/sdpf-secretariado-da-pastoral-familiar\/","title":{"rendered":"SDPF | Secretariado da Pastoral Familiar"},"content":{"rendered":"<aside><\/aside>\n<aside><img loading=\"lazy\" decoding=\"async\" class=\"alignnone wp-image-177\" src=\"https:\/\/diocese-aveiro.pt\/cap\/wp-content\/uploads\/2022\/09\/142445380_103613575073419_1768295819801575994_n-150x150.png\" alt=\"\" width=\"194\" height=\"194\" srcset=\"https:\/\/diocese-aveiro.pt\/cap\/wp-content\/uploads\/2022\/09\/142445380_103613575073419_1768295819801575994_n-150x150.png 150w, https:\/\/diocese-aveiro.pt\/cap\/wp-content\/uploads\/2022\/09\/142445380_103613575073419_1768295819801575994_n-300x300.png 300w, https:\/\/diocese-aveiro.pt\/cap\/wp-content\/uploads\/2022\/09\/142445380_103613575073419_1768295819801575994_n-1024x1024.png 1024w, https:\/\/diocese-aveiro.pt\/cap\/wp-content\/uploads\/2022\/09\/142445380_103613575073419_1768295819801575994_n-768x768.png 768w, https:\/\/diocese-aveiro.pt\/cap\/wp-content\/uploads\/2022\/09\/142445380_103613575073419_1768295819801575994_n-1536x1536.png 1536w, https:\/\/diocese-aveiro.pt\/cap\/wp-content\/uploads\/2022\/09\/142445380_103613575073419_1768295819801575994_n-100x100.png 100w, https:\/\/diocese-aveiro.pt\/cap\/wp-content\/uploads\/2022\/09\/142445380_103613575073419_1768295819801575994_n.png 2048w\" sizes=\"auto, (max-width: 194px) 100vw, 194px\" \/><\/aside>\n<aside><\/aside>\n<aside id=\"block-20\" class=\"widget widget_block widget_text\"><strong>Secretariado DIocesano da Pastoral Familiar<\/strong><\/aside>\n<aside id=\"block-24\" class=\"widget widget_block widget_text\">Rua Almirante C\u00e2ndidos dos Reis n.\u00ba 128<br \/>\nApartado 541 &#8211; 3801-901 Aveiro<br \/>\ntelefone: 234 377 140<br \/>\nemail: <a href=\"mailto:pastoralfamiliar@diocese-aveiro.pt\">pastoralfamiliar@diocese-aveiro.pt<\/a><\/aside>\n<p><a href=\"http:\/\/diocese-aveiro.pt\/familia\/\"><img loading=\"lazy\" decoding=\"async\" class=\"alignnone size-full wp-image-108\" src=\"https:\/\/diocese-aveiro.pt\/cap\/wp-content\/uploads\/2022\/09\/home.png\" alt=\"\" width=\"40\" height=\"40\" \/><\/a><a href=\"https:\/\/www.facebook.com\/Equipa-Diocesana-da-Pastoral-Familiar-Aveiro-103591698408940\"><img loading=\"lazy\" decoding=\"async\" class=\"alignnone size-full wp-image-103\" src=\"https:\/\/diocese-aveiro.pt\/cap\/wp-content\/uploads\/2022\/09\/facebook.png\" alt=\"\" width=\"40\" height=\"40\" \/><\/a><\/p>\n<p>&nbsp;<\/p>\n<p><strong>Pastoral familiar<\/strong><br \/>\n<strong>Equipa Diocesana de Prepara\u00e7\u00e3o para o Matrim\u00f3nio<\/strong><br \/>\n<strong>P. Ant\u00f3nio Manuel Torr\u00e3o da Cruz<\/strong> \u2013 Assistente Espiritual.<br \/>\n(A equipa ser\u00e1 nomeada no in\u00edcio do ano pastoral).<\/p>\n<p><strong>Equipa Diocesana de Pastoral Familiar<\/strong><br \/>\nMaria Goreti Oliveira Carvalho Gon\u00e7alves<br \/>\nPaulo Jorge Costa Gon\u00e7alves<br \/>\nMaria Helena Lob\u00e3o<br \/>\nAnt\u00f3nio Alberto Afonso Teixeira<br \/>\nMarta Isabel Costa Santos Sousa<br \/>\nLu\u00eds Miguel Pessoa da Cruz<br \/>\nS\u00edlvia De Francesco<br \/>\nCarlos Miguel Loff Barreto<br \/>\nRicardo Farias de Sousa Filho<br \/>\nMarcela Raposo de Sousa<\/p>\n<p><strong>P. Ab\u00edlio Manuel Ferreira Ara\u00fajo<\/strong>, Assistente Espiritual.<\/p>\n","protected":false},"excerpt":{"rendered":"<p>Secretariado DIocesano da Pastoral Familiar Rua Almirante C\u00e2ndidos dos Reis n.\u00ba 128 Apartado 541 &#8211; 3801-901 Aveiro telefone: 234 377 140 email: pastoralfamiliar@diocese-aveiro.pt &nbsp; Pastoral familiar Equipa Diocesana de Prepara\u00e7\u00e3o para o Matrim\u00f3nio P. Ant\u00f3nio Manuel Torr\u00e3o da Cruz \u2013 Assistente Espiritual. (A equipa ser\u00e1 nomeada no in\u00edcio do ano pastoral). Equipa Diocesana de Pastoral &hellip; <\/p>\n<p class=\"link-more\"><a href=\"https:\/\/diocese-aveiro.pt\/cap\/secretariados\/sdpf-secretariado-da-pastoral-familiar\/\" class=\"more-link\">Continuar a ler <span class=\"screen-reader-text\">&#8220;SDPF | Secretariado da Pastoral Familiar&#8221;<\/span><\/a><\/p>\n","protected":false},"author":1,"featured_media":0,"parent":136,"menu_order":1,"comment_status":"closed","ping_status":"closed","template":"","meta":{"_acf_changed":false,"footnotes":""},"class_list":["post-175","page","type-page","status-publish","hentry"],"acf":[],"_links":{"self":[{"href":"https:\/\/diocese-aveiro.pt\/cap\/wp-json\/wp\/v2\/pages\/175","targetHints":{"allow":["GET"]}}],"collection":[{"href":"https:\/\/diocese-aveiro.pt\/cap\/wp-json\/wp\/v2\/pages"}],"about":[{"href":"https:\/\/diocese-aveiro.pt\/cap\/wp-json\/wp\/v2\/types\/page"}],"author":[{"embeddable":true,"href":"https:\/\/diocese-aveiro.pt\/cap\/wp-json\/wp\/v2\/users\/1"}],"replies":[{"embeddable":true,"href":"https:\/\/diocese-aveiro.pt\/cap\/wp-json\/wp\/v2\/comments?post=175"}],"version-history":[{"count":3,"href":"https:\/\/diocese-aveiro.pt\/cap\/wp-json\/wp\/v2\/pages\/175\/revisions"}],"predecessor-version":[{"id":179,"href":"https:\/\/diocese-aveiro.pt\/cap\/wp-json\/wp\/v2\/pages\/175\/revisions\/179"}],"up":[{"embeddable":true,"href":"https:\/\/diocese-aveiro.pt\/cap\/wp-json\/wp\/v2\/pages\/136"}],"wp:attachment":[{"href":"https:\/\/diocese-aveiro.pt\/cap\/wp-json\/wp\/v2\/media?parent=175"}],"curies":[{"name":"wp","href":"https:\/\/api.w.org\/{rel}","templated":true}]}}