{"id":143,"date":"2022-09-16T09:53:56","date_gmt":"2022-09-16T09:53:56","guid":{"rendered":"https:\/\/diocese-aveiro.pt\/cap\/?page_id=143"},"modified":"2022-09-16T09:53:56","modified_gmt":"2022-09-16T09:53:56","slug":"sdec-secretariado-diocesano-de-educacao-crista","status":"publish","type":"page","link":"https:\/\/diocese-aveiro.pt\/cap\/secretariados\/sdec-secretariado-diocesano-de-educacao-crista\/","title":{"rendered":"SDEC | Secretariado Diocesano de Educa\u00e7\u00e3o Crist\u00e3"},"content":{"rendered":"<p>O <strong>secretariado diocesano da educa\u00e7\u00e3o crist\u00e3<\/strong> tem a responsabilidade de dinamizar e coordenar todo o sector da educa\u00e7\u00e3o crist\u00e3 da Diocese nos seus diversos n\u00edveis, \u00e2mbitos, situa\u00e7\u00f5es e idades da vida.<\/p>\n<p><strong>O secretariado est\u00e1 dividido em v\u00e1rios Departamentos:<\/strong><\/p>\n<ol>\n<li style=\"list-style-type: none;\">\n<ol>\n<li>Departamento da Catequese de Inf\u00e2ncia<\/li>\n<li>Departamento da Catequese de Adolesc\u00eancia<\/li>\n<li>Departamento da Pastoral da Juventude<\/li>\n<li>Departamento da Pastoral dos Adultos<\/li>\n<li>Departamento da Pastoral nas Escolas<\/li>\n<\/ol>\n<\/li>\n<\/ol>\n<h4>DIRECTOR:<\/h4>\n<p>Dr. S\u00e9rgio Manuel de Jesus Martins<\/p>\n<p>e-mail:\u00a0<a href=\"mailto:sdec@diocese-aveiro.pt\">sdec@diocese-aveiro.pt<\/a><\/p>\n","protected":false},"excerpt":{"rendered":"<p>O secretariado diocesano da educa\u00e7\u00e3o crist\u00e3 tem a responsabilidade de dinamizar e coordenar todo o sector da educa\u00e7\u00e3o crist\u00e3 da Diocese nos seus diversos n\u00edveis, \u00e2mbitos, situa\u00e7\u00f5es e idades da vida. O secretariado est\u00e1 dividido em v\u00e1rios Departamentos: Departamento da Catequese de Inf\u00e2ncia Departamento da Catequese de Adolesc\u00eancia Departamento da Pastoral da Juventude Departamento da &hellip; <\/p>\n<p class=\"link-more\"><a href=\"https:\/\/diocese-aveiro.pt\/cap\/secretariados\/sdec-secretariado-diocesano-de-educacao-crista\/\" class=\"more-link\">Continuar a ler <span class=\"screen-reader-text\">&#8220;SDEC | Secretariado Diocesano de Educa\u00e7\u00e3o Crist\u00e3&#8221;<\/span><\/a><\/p>\n","protected":false},"author":1,"featured_media":144,"parent":136,"menu_order":0,"comment_status":"closed","ping_status":"closed","template":"","meta":{"_acf_changed":false,"footnotes":""},"class_list":["post-143","page","type-page","status-publish","has-post-thumbnail","hentry"],"acf":[],"_links":{"self":[{"href":"https:\/\/diocese-aveiro.pt\/cap\/wp-json\/wp\/v2\/pages\/143","targetHints":{"allow":["GET"]}}],"collection":[{"href":"https:\/\/diocese-aveiro.pt\/cap\/wp-json\/wp\/v2\/pages"}],"about":[{"href":"https:\/\/diocese-aveiro.pt\/cap\/wp-json\/wp\/v2\/types\/page"}],"author":[{"embeddable":true,"href":"https:\/\/diocese-aveiro.pt\/cap\/wp-json\/wp\/v2\/users\/1"}],"replies":[{"embeddable":true,"href":"https:\/\/diocese-aveiro.pt\/cap\/wp-json\/wp\/v2\/comments?post=143"}],"version-history":[{"count":1,"href":"https:\/\/diocese-aveiro.pt\/cap\/wp-json\/wp\/v2\/pages\/143\/revisions"}],"predecessor-version":[{"id":145,"href":"https:\/\/diocese-aveiro.pt\/cap\/wp-json\/wp\/v2\/pages\/143\/revisions\/145"}],"up":[{"embeddable":true,"href":"https:\/\/diocese-aveiro.pt\/cap\/wp-json\/wp\/v2\/pages\/136"}],"wp:featuredmedia":[{"embeddable":true,"href":"https:\/\/diocese-aveiro.pt\/cap\/wp-json\/wp\/v2\/media\/144"}],"wp:attachment":[{"href":"https:\/\/diocese-aveiro.pt\/cap\/wp-json\/wp\/v2\/media?parent=143"}],"curies":[{"name":"wp","href":"https:\/\/api.w.org\/{rel}","templated":true}]}}