{"id":113,"date":"2022-09-16T09:26:41","date_gmt":"2022-09-16T09:26:41","guid":{"rendered":"https:\/\/diocese-aveiro.pt\/cap\/?page_id=113"},"modified":"2022-09-16T09:32:28","modified_gmt":"2022-09-16T09:32:28","slug":"cdbcia-comissao-diocesana-para-os-bens-culturais-da-igreja","status":"publish","type":"page","link":"https:\/\/diocese-aveiro.pt\/cap\/comissoes-diocesanas\/cdbcia-comissao-diocesana-para-os-bens-culturais-da-igreja\/","title":{"rendered":"CDBCIA | Comiss\u00e3o Diocesana para os Bens Culturais da Igreja"},"content":{"rendered":"<p>&nbsp;<\/p>\n<p><a href=\"https:\/\/www.facebook.com\/cdbcia\/\"><img loading=\"lazy\" decoding=\"async\" class=\"alignnone wp-image-104\" src=\"https:\/\/diocese-aveiro.pt\/cap\/wp-content\/uploads\/2022\/09\/43951519_2137025869947751_6925972400769073152_n-300x300.png\" alt=\"\" width=\"62\" height=\"62\" srcset=\"https:\/\/diocese-aveiro.pt\/cap\/wp-content\/uploads\/2022\/09\/43951519_2137025869947751_6925972400769073152_n-300x300.png 300w, https:\/\/diocese-aveiro.pt\/cap\/wp-content\/uploads\/2022\/09\/43951519_2137025869947751_6925972400769073152_n-150x150.png 150w, https:\/\/diocese-aveiro.pt\/cap\/wp-content\/uploads\/2022\/09\/43951519_2137025869947751_6925972400769073152_n-100x100.png 100w, https:\/\/diocese-aveiro.pt\/cap\/wp-content\/uploads\/2022\/09\/43951519_2137025869947751_6925972400769073152_n.png 750w\" sizes=\"auto, (max-width: 62px) 100vw, 62px\" \/><\/a><a href=\"https:\/\/www.facebook.com\/cdbcia\/\"><img loading=\"lazy\" decoding=\"async\" class=\"alignnone wp-image-103 size-full\" src=\"https:\/\/diocese-aveiro.pt\/cap\/wp-content\/uploads\/2022\/09\/facebook.png\" alt=\"facebook | cdbcia\" width=\"40\" height=\"40\" \/><\/a><\/p>\n<div class=\"alzwoclg\">\n<div>\n<div class=\"qgrdou9d nu7423ey frfouenu bonavkto djs4p424 r7bn319e bdao358l aglvbi8b m8h3af8h l7ghb35v kjdc1dyq kmwttqpk srn514ro oxkhqvkx rl78xhln nch0832m om3e55n1 cr00lzj9 mfclru0v\">\n<div class=\"alzwoclg cqf1kptm r5g9zsuq q46jt4gp\">\n<div class=\"bdao358l om3e55n1 g4tp4svg alzwoclg jez8cy9q t5n4vrf6 hael596l sr926ui1 jl2a5g8c r227ecj6 gt60zsk1 srn514ro nuznn79q snu7ymun ktovzxj4 g1smwn4j\">\n<div class=\"bdao358l om3e55n1 g4tp4svg alzwoclg cqf1kptm gvxzyvdx aeinzg81 jg3vgc78 cgu29s5g i15ihif8 gb2oqlaf i5oewl5a nnzkd6d7 bmgto6uh f9xcifuu\">\n<div class=\"alzwoclg cqf1kptm siwo0mpr gu5uzgus\">\n<div class=\"jroqu855 nthtkgg5\">\n<div class=\"alzwoclg cqf1kptm siwo0mpr gu5uzgus\">\n<div class=\"jroqu855 nthtkgg5\">\n<div class=\"m8h3af8h l7ghb35v kjdc1dyq kmwttqpk gh25dzvf\">\n<div dir=\"auto\">A Comiss\u00e3o Diocesana para os Bens Culturais da Igreja, criada a 17 de janeiro de 2018, pela Diocese de Aveiro, apresenta como compet\u00eancias a promo\u00e7\u00e3o \u2026<\/div>\n<\/div>\n<\/div>\n<\/div>\n<\/div>\n<\/div>\n<\/div>\n<\/div>\n<\/div>\n<\/div>\n<\/div>\n<div class=\"s1m0hq7j r227ecj6 p8zq7ayg alzwoclg\"><\/div>\n<\/div>\n<div class=\"alzwoclg\">\n<div>\n<div class=\"qgrdou9d nu7423ey frfouenu bonavkto djs4p424 r7bn319e bdao358l aglvbi8b m8h3af8h l7ghb35v kjdc1dyq kmwttqpk srn514ro oxkhqvkx rl78xhln nch0832m om3e55n1 cr00lzj9 mfclru0v\">\n<div class=\"alzwoclg cqf1kptm r5g9zsuq q46jt4gp\">\n<div class=\"bdao358l om3e55n1 g4tp4svg alzwoclg jez8cy9q t5n4vrf6 hael596l sr926ui1 jl2a5g8c r227ecj6 gt60zsk1 srn514ro nuznn79q snu7ymun ktovzxj4 g1smwn4j\">\n<div class=\"bdao358l om3e55n1 g4tp4svg alzwoclg cqf1kptm gvxzyvdx aeinzg81 jg3vgc78 cgu29s5g i15ihif8 gb2oqlaf i5oewl5a nnzkd6d7 bmgto6uh f9xcifuu\">\n<div class=\"alzwoclg cqf1kptm siwo0mpr gu5uzgus\">\n<div class=\"jroqu855 nthtkgg5\">\n<div class=\"alzwoclg cqf1kptm siwo0mpr gu5uzgus\">\n<div class=\"jroqu855 nthtkgg5\">\n<div class=\"m8h3af8h l7ghb35v kjdc1dyq kmwttqpk gh25dzvf\">\n<div dir=\"auto\">A Comiss\u00e3o Diocesana para os Bens Culturais da Igreja, criada a 17 de janeiro de 2018, pela Diocese de Aveiro, que a integra, apresentando como compet\u00eancias a promo\u00e7\u00e3o do desenvolvimento educacional e cultural e a prote\u00e7\u00e3o dos bens culturais da Igreja. Tem sobretudo a miss\u00e3o de ser a guardi\u00e3 dos tesouros culturais e art\u00edsticos da diocese de Aveiro, n\u00e3o s\u00f3 zelando pela sua conserva\u00e7\u00e3o como tamb\u00e9m d\u00e1 sua redescoberta, voltando a trazer cada um destes ao contacto com as pessoas.<\/div>\n<div dir=\"auto\">Por isso, encontramos como grande e primeiro passo o processo de invent\u00e1rio de cada Par\u00f3quia, conhecendo para dar a conhecer.<\/div>\n<\/div>\n<div dir=\"auto\"><\/div>\n<p>\nPresidente: <strong>P. Gustavo Andr\u00e9 da Silva Fernandes<\/strong><br \/>\nMorada: Rua do Almirante C\u00e2ndido dos Reis, 107, Apartado 541<br \/>\nC\u00f3digo Postal: 3801-901<br \/>\nemail: <a href=\"mailto:bensculturais@diocese-aveiro.pt\"><strong>bensculturais@diocese-aveiro.pt<\/strong><\/a><\/p>\n<\/div>\n<\/div>\n<\/div>\n<\/div>\n<\/div>\n<\/div>\n<\/div>\n<\/div>\n<\/div>\n<\/div>\n","protected":false},"excerpt":{"rendered":"<p>&nbsp; A Comiss\u00e3o Diocesana para os Bens Culturais da Igreja, criada a 17 de janeiro de 2018, pela Diocese de Aveiro, apresenta como compet\u00eancias a promo\u00e7\u00e3o \u2026 A Comiss\u00e3o Diocesana para os Bens Culturais da Igreja, criada a 17 de janeiro de 2018, pela Diocese de Aveiro, que a integra, apresentando como compet\u00eancias a promo\u00e7\u00e3o &hellip; <\/p>\n<p class=\"link-more\"><a href=\"https:\/\/diocese-aveiro.pt\/cap\/comissoes-diocesanas\/cdbcia-comissao-diocesana-para-os-bens-culturais-da-igreja\/\" class=\"more-link\">Continuar a ler <span class=\"screen-reader-text\">&#8220;CDBCIA | Comiss\u00e3o Diocesana para os Bens Culturais da Igreja&#8221;<\/span><\/a><\/p>\n","protected":false},"author":1,"featured_media":104,"parent":100,"menu_order":0,"comment_status":"closed","ping_status":"closed","template":"","meta":{"_acf_changed":false,"footnotes":""},"class_list":["post-113","page","type-page","status-publish","has-post-thumbnail","hentry"],"acf":[],"_links":{"self":[{"href":"https:\/\/diocese-aveiro.pt\/cap\/wp-json\/wp\/v2\/pages\/113","targetHints":{"allow":["GET"]}}],"collection":[{"href":"https:\/\/diocese-aveiro.pt\/cap\/wp-json\/wp\/v2\/pages"}],"about":[{"href":"https:\/\/diocese-aveiro.pt\/cap\/wp-json\/wp\/v2\/types\/page"}],"author":[{"embeddable":true,"href":"https:\/\/diocese-aveiro.pt\/cap\/wp-json\/wp\/v2\/users\/1"}],"replies":[{"embeddable":true,"href":"https:\/\/diocese-aveiro.pt\/cap\/wp-json\/wp\/v2\/comments?post=113"}],"version-history":[{"count":2,"href":"https:\/\/diocese-aveiro.pt\/cap\/wp-json\/wp\/v2\/pages\/113\/revisions"}],"predecessor-version":[{"id":119,"href":"https:\/\/diocese-aveiro.pt\/cap\/wp-json\/wp\/v2\/pages\/113\/revisions\/119"}],"up":[{"embeddable":true,"href":"https:\/\/diocese-aveiro.pt\/cap\/wp-json\/wp\/v2\/pages\/100"}],"wp:featuredmedia":[{"embeddable":true,"href":"https:\/\/diocese-aveiro.pt\/cap\/wp-json\/wp\/v2\/media\/104"}],"wp:attachment":[{"href":"https:\/\/diocese-aveiro.pt\/cap\/wp-json\/wp\/v2\/media?parent=113"}],"curies":[{"name":"wp","href":"https:\/\/api.w.org\/{rel}","templated":true}]}}