{"id":1665,"date":"2024-02-20T15:20:56","date_gmt":"2024-02-20T15:20:56","guid":{"rendered":"https:\/\/diocese-aveiro.pt\/v3\/?page_id=1665"},"modified":"2024-02-21T11:25:48","modified_gmt":"2024-02-21T11:25:48","slug":"nota-historica","status":"publish","type":"page","link":"http:\/\/diocese-aveiro.pt\/v3\/diocese\/nota-historica\/","title":{"rendered":"NOTA HIST\u00d3RICA"},"content":{"rendered":"\n<p class=\"has-text-align-center has-white-color has-text-color has-background has-link-color wp-elements-690040d0adb3b3bde0fa11223acbee49\" style=\"background-color:#2e6c9e\"><em>diocese &#8220;primitiva&#8221;<\/em><\/p>\n\n\n\n<p>A Diocese de Aveiro, sufrag\u00e2nea da Arquidiocese de Braga, foi criada pelo papa Clemente XIV, mediante o breve <em>Militantis Ecclesiae<\/em> <em>gubernacula<\/em>, de 12-04-1774, a pedido do monarca D. Jos\u00e9 I, abrangendo uma \u00e1rea destacada do territ\u00f3rio da Diocese de Coimbra; em 24-03-1775 deu-se execu\u00e7\u00e3o ao documento pontif\u00edcio. O rei ficou com o direito de padroado. A catedral foi instalada na igreja da Miseric\u00f3rdia e, mais tarde, em 1830, na igreja que fora do extinto Recolhimento de S. Bernardino. Nas suas primeiras seis d\u00e9cadas, teve apenas tr\u00eas bispos. Em 01-04-1845, ap\u00f3s alguns anos de certa confus\u00e3o can\u00f3nica no governo eclesi\u00e1stico, o arcebispo de Braga foi tamb\u00e9m constitu\u00eddo no cargo de administrador apost\u00f3lico da Diocese, para a qual nomeou sucessivamente vig\u00e1rios gerais ou governadores \u2013 o que aconteceu at\u00e9 \u00e0 sua extin\u00e7\u00e3o pela bula do papa Le\u00e3o XIII <em>Gravissimum Christi Ecclesiam regendi et gubernandi munu<\/em>s, de 30-09-1881, executada em 04-09-1882.<\/p>\n\n\n\n\n<div class=\"wp-block-columns is-layout-flex wp-container-core-columns-is-layout-9d6595d7 wp-block-columns-is-layout-flex\">\n<div class=\"wp-block-column is-layout-flow wp-block-column-is-layout-flow\">\n<figure class=\"wp-block-image size-large\"><img fetchpriority=\"high\" decoding=\"async\" width=\"726\" height=\"1024\" src=\"https:\/\/diocese-aveiro.pt\/v3\/wp-content\/uploads\/2024\/02\/1693-Breve-de-beatificacao-_low01-726x1024.jpg\" alt=\"\" class=\"wp-image-1689\" srcset=\"http:\/\/diocese-aveiro.pt\/v3\/wp-content\/uploads\/2024\/02\/1693-Breve-de-beatificacao-_low01-726x1024.jpg 726w, http:\/\/diocese-aveiro.pt\/v3\/wp-content\/uploads\/2024\/02\/1693-Breve-de-beatificacao-_low01-213x300.jpg 213w, http:\/\/diocese-aveiro.pt\/v3\/wp-content\/uploads\/2024\/02\/1693-Breve-de-beatificacao-_low01-768x1083.jpg 768w, http:\/\/diocese-aveiro.pt\/v3\/wp-content\/uploads\/2024\/02\/1693-Breve-de-beatificacao-_low01.jpg 1007w\" sizes=\"(max-width: 726px) 100vw, 726px\" \/><figcaption class=\"wp-element-caption\"><em>Militantis Ecclesiae gubernacula, de 12-04-1774<\/em><\/figcaption><\/figure>\n<\/div>\n\n\n\n<div class=\"wp-block-column is-layout-flow wp-block-column-is-layout-flow\">\n<figure class=\"wp-block-image size-large\"><img decoding=\"async\" width=\"726\" height=\"1024\" src=\"https:\/\/diocese-aveiro.pt\/v3\/wp-content\/uploads\/2024\/02\/Clement_XIV_01-726x1024.jpg\" alt=\"\" class=\"wp-image-1690\" srcset=\"http:\/\/diocese-aveiro.pt\/v3\/wp-content\/uploads\/2024\/02\/Clement_XIV_01-726x1024.jpg 726w, http:\/\/diocese-aveiro.pt\/v3\/wp-content\/uploads\/2024\/02\/Clement_XIV_01-213x300.jpg 213w, http:\/\/diocese-aveiro.pt\/v3\/wp-content\/uploads\/2024\/02\/Clement_XIV_01-768x1084.jpg 768w, http:\/\/diocese-aveiro.pt\/v3\/wp-content\/uploads\/2024\/02\/Clement_XIV_01.jpg 1005w\" sizes=\"(max-width: 726px) 100vw, 726px\" \/><figcaption class=\"wp-element-caption\"><em>Papa Clemente XIV<\/em><\/figcaption><\/figure>\n<\/div>\n<\/div>\n\n\n\n\n<div class=\"wp-block-columns is-layout-flex wp-container-core-columns-is-layout-9d6595d7 wp-block-columns-is-layout-flex\">\n<div class=\"wp-block-column is-layout-flow wp-block-column-is-layout-flow\"><div class=\"wp-block-image\">\n<figure class=\"aligncenter size-large\"><img decoding=\"async\" width=\"727\" height=\"1024\" src=\"https:\/\/diocese-aveiro.pt\/v3\/wp-content\/uploads\/2024\/02\/diocese_1774-727x1024.jpg\" alt=\"\" class=\"wp-image-1702\" srcset=\"http:\/\/diocese-aveiro.pt\/v3\/wp-content\/uploads\/2024\/02\/diocese_1774-727x1024.jpg 727w, http:\/\/diocese-aveiro.pt\/v3\/wp-content\/uploads\/2024\/02\/diocese_1774-213x300.jpg 213w, http:\/\/diocese-aveiro.pt\/v3\/wp-content\/uploads\/2024\/02\/diocese_1774-768x1082.jpg 768w, http:\/\/diocese-aveiro.pt\/v3\/wp-content\/uploads\/2024\/02\/diocese_1774.jpg 1008w\" sizes=\"(max-width: 727px) 100vw, 727px\" \/><figcaption class=\"wp-element-caption\"><em>Diocese de Aveiro &#8211; 1774 \/ 1882<\/em><\/figcaption><\/figure>\n<\/div><\/div>\n\n\n\n<div class=\"wp-block-column is-layout-flow wp-block-column-is-layout-flow\">\n<figure class=\"wp-block-image size-large\"><img loading=\"lazy\" decoding=\"async\" width=\"726\" height=\"1024\" src=\"http:\/\/diocese-aveiro.pt\/v3\/wp-content\/uploads\/2024\/02\/misericordia_01-726x1024.jpg\" alt=\"\" class=\"wp-image-1686\" srcset=\"http:\/\/diocese-aveiro.pt\/v3\/wp-content\/uploads\/2024\/02\/misericordia_01-726x1024.jpg 726w, http:\/\/diocese-aveiro.pt\/v3\/wp-content\/uploads\/2024\/02\/misericordia_01-213x300.jpg 213w, http:\/\/diocese-aveiro.pt\/v3\/wp-content\/uploads\/2024\/02\/misericordia_01-768x1084.jpg 768w, http:\/\/diocese-aveiro.pt\/v3\/wp-content\/uploads\/2024\/02\/misericordia_01.jpg 1005w\" sizes=\"(max-width: 726px) 100vw, 726px\" \/><figcaption class=\"wp-element-caption\"><em><em>Igreja da Miseric\u00f3rdia, ao lado Hospital<\/em><\/em><\/figcaption><\/figure>\n<\/div>\n<\/div>\n\n\n\n<div class=\"wp-block-columns is-layout-flex wp-container-core-columns-is-layout-9d6595d7 wp-block-columns-is-layout-flex\">\n<div class=\"wp-block-column is-layout-flow wp-block-column-is-layout-flow\">\n<figure class=\"wp-block-image size-large\"><img loading=\"lazy\" decoding=\"async\" width=\"726\" height=\"1024\" src=\"http:\/\/diocese-aveiro.pt\/v3\/wp-content\/uploads\/2024\/02\/05.7-Recolhimento-S-Bernardino-_01a-726x1024.jpg\" alt=\"\" class=\"wp-image-1697\" srcset=\"http:\/\/diocese-aveiro.pt\/v3\/wp-content\/uploads\/2024\/02\/05.7-Recolhimento-S-Bernardino-_01a-726x1024.jpg 726w, http:\/\/diocese-aveiro.pt\/v3\/wp-content\/uploads\/2024\/02\/05.7-Recolhimento-S-Bernardino-_01a-213x300.jpg 213w, http:\/\/diocese-aveiro.pt\/v3\/wp-content\/uploads\/2024\/02\/05.7-Recolhimento-S-Bernardino-_01a-768x1084.jpg 768w, http:\/\/diocese-aveiro.pt\/v3\/wp-content\/uploads\/2024\/02\/05.7-Recolhimento-S-Bernardino-_01a.jpg 1005w\" sizes=\"(max-width: 726px) 100vw, 726px\" \/><figcaption class=\"wp-element-caption\"><em>Recolhimento de S\u00e3o Bernardino<\/em><\/figcaption><\/figure>\n<\/div>\n\n\n\n<div class=\"wp-block-column is-layout-flow wp-block-column-is-layout-flow\">\n<figure class=\"wp-block-image size-large\"><img loading=\"lazy\" decoding=\"async\" width=\"726\" height=\"1024\" src=\"http:\/\/diocese-aveiro.pt\/v3\/wp-content\/uploads\/2024\/02\/1881-_bula-extincao-da-diocese-_low01-726x1024.jpg\" alt=\"\" class=\"wp-image-1695\" srcset=\"http:\/\/diocese-aveiro.pt\/v3\/wp-content\/uploads\/2024\/02\/1881-_bula-extincao-da-diocese-_low01-726x1024.jpg 726w, http:\/\/diocese-aveiro.pt\/v3\/wp-content\/uploads\/2024\/02\/1881-_bula-extincao-da-diocese-_low01-213x300.jpg 213w, http:\/\/diocese-aveiro.pt\/v3\/wp-content\/uploads\/2024\/02\/1881-_bula-extincao-da-diocese-_low01-768x1084.jpg 768w, http:\/\/diocese-aveiro.pt\/v3\/wp-content\/uploads\/2024\/02\/1881-_bula-extincao-da-diocese-_low01.jpg 1005w\" sizes=\"(max-width: 726px) 100vw, 726px\" \/><figcaption class=\"wp-element-caption\"><em><em>Gravissimum Christi Ecclesiam regendi et gubernandi munu<\/em>s, 30-09-1881<\/em><\/figcaption><\/figure>\n<\/div>\n<\/div>\n\n\n\n<p class=\"has-text-align-center has-white-color has-text-color has-background has-link-color wp-elements-de2667812e681b4d8102fdb479f49052\" style=\"background-color:#2e6c9e\"><em>Diocese restaurada<\/em><\/p>\n\n\n\n<p>Pela bula <em>Omnium Ecclesiarum<\/em>, de 24-08-1938, o papa Pio XI restaurou a diocese de Aveiro, dando-lhe novos limites, com oitenta e duas freguesias de dez concelhos, desmembrados das Dioceses de Coimbra (\u00c1gueda, Anadia, Aveiro, \u00cdlhavo, Oliveira do Bairro e Vagos), do Porto (Albergaria-a-Velha, Estarreja e Murtosa) e de Viseu (Sever do Vouga); foi ent\u00e3o elevada a catedral a secular igreja do extinto Convento de S. Domingos e matriz da Par\u00f3quia de Nossa Senhora da Gl\u00f3ria. A senten\u00e7a execut\u00f3ria da restaura\u00e7\u00e3o deu-se em 11-12-1938.<\/p>\n\n\n\n<figure class=\"wp-block-image size-large\"><img loading=\"lazy\" decoding=\"async\" width=\"1024\" height=\"724\" src=\"https:\/\/diocese-aveiro.pt\/v3\/wp-content\/uploads\/2024\/02\/1938-bula-omnium-eccleseriarum-_low-1024x724.jpg\" alt=\"\" class=\"wp-image-1692\" srcset=\"http:\/\/diocese-aveiro.pt\/v3\/wp-content\/uploads\/2024\/02\/1938-bula-omnium-eccleseriarum-_low-1024x724.jpg 1024w, http:\/\/diocese-aveiro.pt\/v3\/wp-content\/uploads\/2024\/02\/1938-bula-omnium-eccleseriarum-_low-300x212.jpg 300w, http:\/\/diocese-aveiro.pt\/v3\/wp-content\/uploads\/2024\/02\/1938-bula-omnium-eccleseriarum-_low-768x543.jpg 768w, http:\/\/diocese-aveiro.pt\/v3\/wp-content\/uploads\/2024\/02\/1938-bula-omnium-eccleseriarum-_low-1536x1086.jpg 1536w, http:\/\/diocese-aveiro.pt\/v3\/wp-content\/uploads\/2024\/02\/1938-bula-omnium-eccleseriarum-_low-2048x1448.jpg 2048w\" sizes=\"(max-width: 1024px) 100vw, 1024px\" \/><figcaption class=\"wp-element-caption\"><em>bula <em>Omnium Ecclesiarum<\/em><\/em><\/figcaption><\/figure>\n\n\n\n<div class=\"wp-block-columns is-layout-flex wp-container-core-columns-is-layout-9d6595d7 wp-block-columns-is-layout-flex\">\n<div class=\"wp-block-column is-layout-flow wp-block-column-is-layout-flow\">\n<figure class=\"wp-block-image size-large\"><img loading=\"lazy\" decoding=\"async\" width=\"725\" height=\"1024\" src=\"https:\/\/diocese-aveiro.pt\/v3\/wp-content\/uploads\/2024\/02\/Se-725x1024.jpg\" alt=\"\" class=\"wp-image-1704\" srcset=\"http:\/\/diocese-aveiro.pt\/v3\/wp-content\/uploads\/2024\/02\/Se-725x1024.jpg 725w, http:\/\/diocese-aveiro.pt\/v3\/wp-content\/uploads\/2024\/02\/Se-212x300.jpg 212w, http:\/\/diocese-aveiro.pt\/v3\/wp-content\/uploads\/2024\/02\/Se-768x1085.jpg 768w, http:\/\/diocese-aveiro.pt\/v3\/wp-content\/uploads\/2024\/02\/Se.jpg 1004w\" sizes=\"(max-width: 725px) 100vw, 725px\" \/><figcaption class=\"wp-element-caption\"><em>Catedral de Aveiro<\/em><\/figcaption><\/figure>\n<\/div>\n\n\n\n<div class=\"wp-block-column is-layout-flow wp-block-column-is-layout-flow\">\n<figure class=\"wp-block-image size-large\"><img loading=\"lazy\" decoding=\"async\" width=\"727\" height=\"1024\" src=\"https:\/\/diocese-aveiro.pt\/v3\/wp-content\/uploads\/2024\/02\/diocese-_1938-727x1024.jpg\" alt=\"\" class=\"wp-image-1705\" srcset=\"http:\/\/diocese-aveiro.pt\/v3\/wp-content\/uploads\/2024\/02\/diocese-_1938-727x1024.jpg 727w, http:\/\/diocese-aveiro.pt\/v3\/wp-content\/uploads\/2024\/02\/diocese-_1938-213x300.jpg 213w, http:\/\/diocese-aveiro.pt\/v3\/wp-content\/uploads\/2024\/02\/diocese-_1938-768x1082.jpg 768w, http:\/\/diocese-aveiro.pt\/v3\/wp-content\/uploads\/2024\/02\/diocese-_1938.jpg 1008w\" sizes=\"(max-width: 727px) 100vw, 727px\" \/><figcaption class=\"wp-element-caption\">diocese de Aveiro restaurada<\/figcaption><\/figure>\n<\/div>\n<\/div>\n\n\n\n<p class=\"has-text-align-center\">Atualmente a diocese de Aveiro \u00e9 composta por 101 par\u00f3quias.<\/p>\n\n\n\n<hr class=\"wp-block-separator has-alpha-channel-opacity\"\/>\n","protected":false},"excerpt":{"rendered":"<p>diocese &#8220;primitiva&#8221; A Diocese de Aveiro, sufrag\u00e2nea da Arquidiocese de Braga, foi criada pelo papa Clemente XIV, mediante o breve Militantis Ecclesiae gubernacula, de 12-04-1774, a pedido do monarca D. Jos\u00e9 I, abrangendo uma \u00e1rea destacada do territ\u00f3rio da Diocese de Coimbra; em 24-03-1775 deu-se execu\u00e7\u00e3o ao documento pontif\u00edcio. O rei ficou com o direito de padroado. A catedral foi [&hellip;]<\/p>\n","protected":false},"author":1,"featured_media":0,"parent":1671,"menu_order":0,"comment_status":"closed","ping_status":"closed","template":"","meta":{"pagelayer_contact_templates":[],"_pagelayer_content":"","_mc_calendar":[],"footnotes":""},"class_list":["post-1665","page","type-page","status-publish","hentry"],"_links":{"self":[{"href":"http:\/\/diocese-aveiro.pt\/v3\/wp-json\/wp\/v2\/pages\/1665","targetHints":{"allow":["GET"]}}],"collection":[{"href":"http:\/\/diocese-aveiro.pt\/v3\/wp-json\/wp\/v2\/pages"}],"about":[{"href":"http:\/\/diocese-aveiro.pt\/v3\/wp-json\/wp\/v2\/types\/page"}],"author":[{"embeddable":true,"href":"http:\/\/diocese-aveiro.pt\/v3\/wp-json\/wp\/v2\/users\/1"}],"replies":[{"embeddable":true,"href":"http:\/\/diocese-aveiro.pt\/v3\/wp-json\/wp\/v2\/comments?post=1665"}],"version-history":[{"count":18,"href":"http:\/\/diocese-aveiro.pt\/v3\/wp-json\/wp\/v2\/pages\/1665\/revisions"}],"predecessor-version":[{"id":1794,"href":"http:\/\/diocese-aveiro.pt\/v3\/wp-json\/wp\/v2\/pages\/1665\/revisions\/1794"}],"up":[{"embeddable":true,"href":"http:\/\/diocese-aveiro.pt\/v3\/wp-json\/wp\/v2\/pages\/1671"}],"wp:attachment":[{"href":"http:\/\/diocese-aveiro.pt\/v3\/wp-json\/wp\/v2\/media?parent=1665"}],"curies":[{"name":"wp","href":"https:\/\/api.w.org\/{rel}","templated":true}]}}